


{"id":3866,"date":"2017-11-28T16:55:50","date_gmt":"2017-11-28T16:55:50","guid":{"rendered":"https:\/\/polititzacionsdelmalestar.org\/qui-som\/"},"modified":"2021-06-09T13:18:06","modified_gmt":"2021-06-09T13:18:06","slug":"qui-som","status":"publish","type":"page","link":"https:\/\/polititzacionsdelmalestar.org\/es\/qui-som\/","title":{"rendered":"Quien somos"},"content":{"rendered":"<div id=\"pl-3866\"  class=\"panel-layout\" ><div id=\"pg-3866-0\"  class=\"panel-grid panel-no-style\" ><div id=\"pgc-3866-0-0\"  class=\"panel-grid-cell\" ><div id=\"panel-3866-0-0-0\" class=\"so-panel widget widget_sow-editor panel-first-child panel-last-child\" data-index=\"0\" ><div\n\t\t\t\n\t\t\tclass=\"so-widget-sow-editor so-widget-sow-editor-base\"\n\t\t\t\n\t\t><h3 class=\"widget-title\">Quien somos<\/h3>\n<div class=\"siteorigin-widget-tinymce textwidget\">\n\t<p>El grupo de trabajo formado por Laia Manonelles, Nora Ancarola y Daniel Gasol ha desarrollado el proyecto Politizaciones del malestar y la p\u00e1gina web que recoge el archivo de propuestas art\u00edsticas que trabajan sobre los procesos creativos como dispositivos de pensamiento cr\u00edtico.<br \/>\n<strong><br \/>\nLaia Manonelles Moner<\/strong><br \/>\nEs doctora en Historia del arte por la Universitat de Barcelona, donde actualmente es profesora agregada interina. Es miembro de los grupos de investigaci\u00f3n AASD (Arte, Arquitectura y Sociedad Digital) e Interasia. Centra su investigaci\u00f3n en el arte de acci\u00f3n y el arte experimental en la China. Una muestra de estos estudios son los libros <em>Arte experimental en China, conversaciones cono artistas<\/em> (Ediciones Bellaterra, 2011) y <em>La construcci\u00f3n de la(s) historia(s) del arte contempor\u00e1neo en China: conversaciones cono comisarios, historiadoras y cr\u00edticos<\/em> (Ediciones Bellaterra, 2017).<\/p>\n<p><strong><a href=\"http:\/\/www.noraancarola.com\/NORA\/p\/1\/1\/0\/Inici\" target=\"_blank\" rel=\"noopener\">Nora Ancarola<\/a><br \/>\n<\/strong>Es licenciada en Bellas artes por la Universitat de Barcelona. Artista visual, vive y trabaja en Barcelona desde el a\u00f1o 1978. A partir del a\u00f1o 1998 dirige junto con Marga Ximenez MX Espai1010, espacio de arte contempor\u00e1neo de Barcelona, con la cual tambi\u00e9n crearon MX Edicions1010 en 2004, que recibi\u00f3 el premio a las Iniciativas de la Asociaci\u00f3n de Cr\u00edticos de Arte de Catalu\u00f1a el 2008. Ha recibido varios premios y becas y su trabajo profesional se realiza en una l\u00ednea de producci\u00f3n independiente y de investigaci\u00f3n.<br \/>\n<strong><br \/>\nDaniel Gasol <\/strong>(particip\u00f3 en la parte inicial del proyecto)<br \/>\nVive y trabaja en Barcelona. Es doctor en Estudios avanzados en producciones art\u00edsticas e investigaci\u00f3n (2014), con la tesis \u00abArte emergente: creaci\u00f3n en Barcelona\u00bb y m\u00e1ster en Producciones art\u00edsticas e investigaci\u00f3n en la Universitat de Barcelona. Escribe en las revistas Arte y Parte y Bonart. Actualmente, combina su tarea como investigador y artista, desarrollando trabajos donde plantea la idea del poder, los medios de comunicaci\u00f3n y la posverdad desde la cotidianidad narrativa.<\/p>\n<\/div>\n<\/div><\/div><\/div><div id=\"pgc-3866-0-1\"  class=\"panel-grid-cell\" ><div id=\"panel-3866-0-1-0\" class=\"so-panel widget widget_virtue_gallery_widget virtue_gallery_widget panel-first-child panel-last-child\" data-index=\"1\" ><div id=\"kad-wp-gallery404\" class=\"kad-wp-gallery gallery kt-gallery-column-1 init-isotope-intrinsic reinit-isotope kad-light-wp-gallery clearfix rowtight\" data-fade-in=\"1\" data-iso-selector=\".g_item\" data-iso-style=\"masonry\" data-iso-filter=\"false\"><div class=\"tcol-lg-12 tcol-md-12 tcol-sm-12 tcol-xs-12 tcol-ss-12 g_item\"><div class=\"grid_item kt_item_fade_in kad_gallery_fade_in gallery_item\"><a href=\"https:\/\/polititzacionsdelmalestar.org\/wp-content\/uploads\/2017\/12\/Quisom_provisional.jpg\" data-rel=\"lightbox\" class=\"lightboxhover\"><div class=\"kt-intrinsic\" style=\"padding-bottom:100%;\"><div itemprop=\"image\" itemscope itemtype=\"https:\/\/schema.org\/ImageObject\"><img loading=\"lazy\" decoding=\"async\" width=\"560\" height=\"560\" src=\"https:\/\/polititzacionsdelmalestar.org\/wp-content\/uploads\/2017\/12\/Quisom_provisional-560x560.jpg\" srcset=\"https:\/\/polititzacionsdelmalestar.org\/wp-content\/uploads\/2017\/12\/Quisom_provisional-560x560.jpg 560w, https:\/\/polititzacionsdelmalestar.org\/wp-content\/uploads\/2017\/12\/Quisom_provisional-150x150.jpg 150w\" sizes=\"auto, (max-width: 560px) 100vw, 560px\" data-caption=\"Presentaci\u00f3 &quot;Polititzacions del malestar&quot;\" class=\"light-dropshaddow\" itemprop=\"contentUrl\" alt=\"\"><meta itemprop=\"url\" content=\"https:\/\/polititzacionsdelmalestar.org\/wp-content\/uploads\/2017\/12\/Quisom_provisional-560x560.jpg\"><meta itemprop=\"width\" content=\"560px\"><meta itemprop=\"height\" content=\"560px\"><\/div><\/div><div class=\"caption kad_caption\"><div class=\"kad_caption_inner\">Presentaci\u00f3 \u00abPolititzacions del malestar\u00bb<\/div><\/div><\/a><\/div><\/div><\/div><\/div><\/div><\/div><\/div>","protected":false},"excerpt":{"rendered":"<p>El grupo de trabajo formado por Laia Manonelles, Nora Ancarola y Daniel Gasol ha desarrollado el proyecto Politizaciones del malestar y la p\u00e1gina web que recoge el archivo de propuestas art\u00edsticas que trabajan sobre los procesos &hellip; <a class=\"kt-excerpt-readmore\" href=\"https:\/\/polititzacionsdelmalestar.org\/es\/qui-som\/\" aria-label=\"Quien somos\">Leer m&aacute;s<\/a><\/p>\n","protected":false},"author":6,"featured_media":0,"parent":0,"menu_order":0,"comment_status":"closed","ping_status":"closed","template":"page-sidebar.php","meta":{"footnotes":""},"class_list":["post-3866","page","type-page","status-publish","hentry"],"_links":{"self":[{"href":"https:\/\/polititzacionsdelmalestar.org\/es\/wp-json\/wp\/v2\/pages\/3866","targetHints":{"allow":["GET"]}}],"collection":[{"href":"https:\/\/polititzacionsdelmalestar.org\/es\/wp-json\/wp\/v2\/pages"}],"about":[{"href":"https:\/\/polititzacionsdelmalestar.org\/es\/wp-json\/wp\/v2\/types\/page"}],"author":[{"embeddable":true,"href":"https:\/\/polititzacionsdelmalestar.org\/es\/wp-json\/wp\/v2\/users\/6"}],"replies":[{"embeddable":true,"href":"https:\/\/polititzacionsdelmalestar.org\/es\/wp-json\/wp\/v2\/comments?post=3866"}],"version-history":[{"count":11,"href":"https:\/\/polititzacionsdelmalestar.org\/es\/wp-json\/wp\/v2\/pages\/3866\/revisions"}],"predecessor-version":[{"id":10398,"href":"https:\/\/polititzacionsdelmalestar.org\/es\/wp-json\/wp\/v2\/pages\/3866\/revisions\/10398"}],"wp:attachment":[{"href":"https:\/\/polititzacionsdelmalestar.org\/es\/wp-json\/wp\/v2\/media?parent=3866"}],"curies":[{"name":"wp","href":"https:\/\/api.w.org\/{rel}","templated":true}]}}