


{"id":3852,"date":"2018-01-22T19:07:36","date_gmt":"2018-01-22T19:07:36","guid":{"rendered":"https:\/\/polititzacionsdelmalestar.org\/activitats\/jm-martin-santa-monica\/"},"modified":"2018-03-01T17:14:00","modified_gmt":"2018-03-01T17:14:00","slug":"jm-martin-santa-monica","status":"publish","type":"page","link":"https:\/\/polititzacionsdelmalestar.org\/es\/activitats\/jm-martin-santa-monica\/","title":{"rendered":"Josep-Maria Mart\u00edn en Arts Santa M\u00f2nica"},"content":{"rendered":"<div id=\"pl-3852\"  class=\"panel-layout\" ><div id=\"pg-3852-0\"  class=\"panel-grid panel-no-style\" ><div id=\"pgc-3852-0-0\"  class=\"panel-grid-cell\" ><div id=\"panel-3852-0-0-0\" class=\"so-panel widget widget_sow-editor panel-first-child panel-last-child\" data-index=\"0\" ><div\n\t\t\t\n\t\t\tclass=\"so-widget-sow-editor so-widget-sow-editor-base\"\n\t\t\t\n\t\t><h3 class=\"widget-title\">Presentaci\u00f3 del projecte<\/h3>\n<div class=\"siteorigin-widget-tinymce textwidget\">\n\t<p><strong><a href=\"https:\/\/polititzacionsdelmalestar.org\/2018\/01\/23\/josep-maria-martin\/?lang=es\">Josep-Maria Mart\u00edn<\/a> en Arts Santa M\u00f2nica\u00a0<\/strong><\/p>\n<p>Josep-Maria Mart\u00edn, realiza una <em>performance<\/em> en la inauguraci\u00f3n de la exposici\u00f3n en Arts Santa M\u00f2nica de Polititzaciones del malestar.<\/p>\n<div class=\"kad-spacer clearfix\" style=\"height:5px\"><\/div>\n<a id=\"69f0c9f1743f0\" rel=\"wp-video-lightbox\" href=\"https:\/\/www.youtube.com\/watch?v=q_kKx_dsEdg&#038;width=800&#038;height=600\" title=\"\"><img decoding=\"async\" src=\"https:\/\/polititzacionsdelmalestar.org\/wp-content\/uploads\/2018\/01\/JM-Martin.jpg\" class=\"video_lightbox_anchor_image\" alt=\"Josep-Maria Mart\u00edn en arts Santa M\u00f2nica\" \/><\/a>    <script>\r\n    \/* <![CDATA[ *\/\r\n    jQuery(document).ready(function($){\r\n        $(function(){\r\n            var width = $(window).innerWidth();\r\n            var setwidth = parseFloat(800);\r\n            var ratio = parseFloat(0.75);\r\n            var height = parseFloat(600);\r\n            var link = 'https:\/\/www.youtube.com\/watch?v=q_kKx_dsEdg&amp;width=800&amp;height=600';\r\n            if(width < setwidth)\r\n            {\r\n                height = Math.floor(width * 0.75);\r\n                \/\/console.log(\"device width \"+width+\", set width \"+800+\", ratio \"+0.75+\", new height \"+ height);\r\n                var new_url = wpvl_paramReplace('width', link, width);\r\n                var new_url = wpvl_paramReplace('height', new_url, height);\r\n                $(\"a#69f0c9f1743f0\").attr('href', new_url);\r\n                \/\/console.log(new_url);\r\n            }\r\n        });\r\n    });\r\n    \/* ]]> *\/\r\n    <\/script>\n<\/div>\n<\/div><\/div><\/div><div id=\"pgc-3852-0-1\"  class=\"panel-grid-cell\" ><div id=\"panel-3852-0-1-0\" class=\"so-panel widget widget_virtue_gallery_widget virtue_gallery_widget panel-first-child panel-last-child\" data-index=\"1\" ><div id=\"kad-wp-gallery104\" class=\"kad-wp-gallery gallery kt-gallery-column-1 init-isotope-intrinsic reinit-isotope kad-light-wp-gallery clearfix rowtight\" data-fade-in=\"1\" data-iso-selector=\".g_item\" data-iso-style=\"masonry\" data-iso-filter=\"false\"><div class=\"tcol-lg-12 tcol-md-12 tcol-sm-12 tcol-xs-12 tcol-ss-12 g_item\"><div class=\"grid_item kt_item_fade_in kad_gallery_fade_in gallery_item\"><a href=\"https:\/\/polititzacionsdelmalestar.org\/wp-content\/uploads\/2018\/01\/01-3.jpg\" data-rel=\"lightbox\" class=\"lightboxhover\"><div class=\"kt-intrinsic\" style=\"padding-bottom:149.60422163588%;\"><div itemprop=\"image\" itemscope itemtype=\"https:\/\/schema.org\/ImageObject\"><img loading=\"lazy\" decoding=\"async\" width=\"379\" height=\"567\" src=\"https:\/\/polititzacionsdelmalestar.org\/wp-content\/uploads\/2018\/01\/01-3.jpg\" srcset=\"https:\/\/polititzacionsdelmalestar.org\/wp-content\/uploads\/2018\/01\/01-3.jpg 379w, https:\/\/polititzacionsdelmalestar.org\/wp-content\/uploads\/2018\/01\/01-3-201x300.jpg 201w\" sizes=\"auto, (max-width: 379px) 100vw, 379px\" data-caption=\"Josep-Maria Mart\u00edn a Arts Santa M\u00f2nica\" class=\"light-dropshaddow\" itemprop=\"contentUrl\" alt=\"Josep-Maria Mart\u00edn a arts Santa M\u00f2nica\"><meta itemprop=\"url\" content=\"https:\/\/polititzacionsdelmalestar.org\/wp-content\/uploads\/2018\/01\/01-3.jpg\"><meta itemprop=\"width\" content=\"379px\"><meta itemprop=\"height\" content=\"567px\"><\/div><\/div><div class=\"caption kad_caption\"><div class=\"kad_caption_inner\">Josep-Maria Mart\u00edn a Arts Santa M\u00f2nica<\/div><\/div><\/a><\/div><\/div><div class=\"tcol-lg-12 tcol-md-12 tcol-sm-12 tcol-xs-12 tcol-ss-12 g_item\"><div class=\"grid_item kt_item_fade_in kad_gallery_fade_in gallery_item\"><a href=\"https:\/\/polititzacionsdelmalestar.org\/wp-content\/uploads\/2018\/01\/02-2.jpg\" data-rel=\"lightbox\" class=\"lightboxhover\"><div class=\"kt-intrinsic\" style=\"padding-bottom:66.75%;\"><div itemprop=\"image\" itemscope itemtype=\"https:\/\/schema.org\/ImageObject\"><img loading=\"lazy\" decoding=\"async\" width=\"800\" height=\"534\" src=\"https:\/\/polititzacionsdelmalestar.org\/wp-content\/uploads\/2018\/01\/02-2.jpg\" srcset=\"https:\/\/polititzacionsdelmalestar.org\/wp-content\/uploads\/2018\/01\/02-2.jpg 800w, https:\/\/polititzacionsdelmalestar.org\/wp-content\/uploads\/2018\/01\/02-2-300x200.jpg 300w, https:\/\/polititzacionsdelmalestar.org\/wp-content\/uploads\/2018\/01\/02-2-768x513.jpg 768w, https:\/\/polititzacionsdelmalestar.org\/wp-content\/uploads\/2018\/01\/02-2-272x182.jpg 272w\" sizes=\"auto, (max-width: 800px) 100vw, 800px\" data-caption=\"Josep-Maria Mart\u00edn a Arts Santa M\u00f2nica\" class=\"light-dropshaddow\" itemprop=\"contentUrl\" alt=\"Josep-Maria Mart\u00edn a arts Santa M\u00f2nica\"><meta itemprop=\"url\" content=\"https:\/\/polititzacionsdelmalestar.org\/wp-content\/uploads\/2018\/01\/02-2.jpg\"><meta itemprop=\"width\" content=\"800px\"><meta itemprop=\"height\" content=\"534px\"><\/div><\/div><div class=\"caption kad_caption\"><div class=\"kad_caption_inner\">Josep-Maria Mart\u00edn a Arts Santa M\u00f2nica<\/div><\/div><\/a><\/div><\/div><div class=\"tcol-lg-12 tcol-md-12 tcol-sm-12 tcol-xs-12 tcol-ss-12 g_item\"><div class=\"grid_item kt_item_fade_in kad_gallery_fade_in gallery_item\"><a href=\"https:\/\/polititzacionsdelmalestar.org\/wp-content\/uploads\/2018\/01\/03-2.jpg\" data-rel=\"lightbox\" class=\"lightboxhover\"><div class=\"kt-intrinsic\" style=\"padding-bottom:66.75%;\"><div itemprop=\"image\" itemscope itemtype=\"https:\/\/schema.org\/ImageObject\"><img loading=\"lazy\" decoding=\"async\" width=\"800\" height=\"534\" src=\"https:\/\/polititzacionsdelmalestar.org\/wp-content\/uploads\/2018\/01\/03-2.jpg\" srcset=\"https:\/\/polititzacionsdelmalestar.org\/wp-content\/uploads\/2018\/01\/03-2.jpg 800w, https:\/\/polititzacionsdelmalestar.org\/wp-content\/uploads\/2018\/01\/03-2-300x200.jpg 300w, https:\/\/polititzacionsdelmalestar.org\/wp-content\/uploads\/2018\/01\/03-2-768x513.jpg 768w, https:\/\/polititzacionsdelmalestar.org\/wp-content\/uploads\/2018\/01\/03-2-272x182.jpg 272w\" sizes=\"auto, (max-width: 800px) 100vw, 800px\" data-caption=\"Josep-Maria Mart\u00edn a Arts Santa M\u00f2nica\" class=\"light-dropshaddow\" itemprop=\"contentUrl\" alt=\"Josep-Maria Mart\u00edn a arts Santa M\u00f2nica\"><meta itemprop=\"url\" content=\"https:\/\/polititzacionsdelmalestar.org\/wp-content\/uploads\/2018\/01\/03-2.jpg\"><meta itemprop=\"width\" content=\"800px\"><meta itemprop=\"height\" content=\"534px\"><\/div><\/div><div class=\"caption kad_caption\"><div class=\"kad_caption_inner\">Josep-Maria Mart\u00edn a Arts Santa M\u00f2nica<\/div><\/div><\/a><\/div><\/div><div class=\"tcol-lg-12 tcol-md-12 tcol-sm-12 tcol-xs-12 tcol-ss-12 g_item\"><div class=\"grid_item kt_item_fade_in kad_gallery_fade_in gallery_item\"><a href=\"https:\/\/polititzacionsdelmalestar.org\/wp-content\/uploads\/2018\/01\/04-2.jpg\" data-rel=\"lightbox\" class=\"lightboxhover\"><div class=\"kt-intrinsic\" style=\"padding-bottom:66.625%;\"><div itemprop=\"image\" itemscope itemtype=\"https:\/\/schema.org\/ImageObject\"><img loading=\"lazy\" decoding=\"async\" width=\"800\" height=\"533\" src=\"https:\/\/polititzacionsdelmalestar.org\/wp-content\/uploads\/2018\/01\/04-2.jpg\" srcset=\"https:\/\/polititzacionsdelmalestar.org\/wp-content\/uploads\/2018\/01\/04-2.jpg 800w, https:\/\/polititzacionsdelmalestar.org\/wp-content\/uploads\/2018\/01\/04-2-300x200.jpg 300w, https:\/\/polititzacionsdelmalestar.org\/wp-content\/uploads\/2018\/01\/04-2-768x512.jpg 768w, https:\/\/polititzacionsdelmalestar.org\/wp-content\/uploads\/2018\/01\/04-2-272x182.jpg 272w\" sizes=\"auto, (max-width: 800px) 100vw, 800px\" data-caption=\"Josep-Maria Mart\u00edn a Arts Santa M\u00f2nica\" class=\"light-dropshaddow\" itemprop=\"contentUrl\" alt=\"Josep-Maria Mart\u00edn a arts Santa M\u00f2nica\"><meta itemprop=\"url\" content=\"https:\/\/polititzacionsdelmalestar.org\/wp-content\/uploads\/2018\/01\/04-2.jpg\"><meta itemprop=\"width\" content=\"800px\"><meta itemprop=\"height\" content=\"533px\"><\/div><\/div><div class=\"caption kad_caption\"><div class=\"kad_caption_inner\">Josep-Maria Mart\u00edn a Arts Santa M\u00f2nica<\/div><\/div><\/a><\/div><\/div><\/div><\/div><\/div><\/div><\/div>","protected":false},"excerpt":{"rendered":"<p>Josep-Maria Mart\u00edn en Arts Santa M\u00f2nica\u00a0 Josep-Maria Mart\u00edn, realiza una performance en la inauguraci\u00f3n de la exposici\u00f3n en Arts Santa M\u00f2nica de Polititzaciones del malestar.<\/p>\n","protected":false},"author":6,"featured_media":0,"parent":3408,"menu_order":0,"comment_status":"closed","ping_status":"closed","template":"page-sidebar.php","meta":{"footnotes":""},"class_list":["post-3852","page","type-page","status-publish","hentry"],"_links":{"self":[{"href":"https:\/\/polititzacionsdelmalestar.org\/es\/wp-json\/wp\/v2\/pages\/3852","targetHints":{"allow":["GET"]}}],"collection":[{"href":"https:\/\/polititzacionsdelmalestar.org\/es\/wp-json\/wp\/v2\/pages"}],"about":[{"href":"https:\/\/polititzacionsdelmalestar.org\/es\/wp-json\/wp\/v2\/types\/page"}],"author":[{"embeddable":true,"href":"https:\/\/polititzacionsdelmalestar.org\/es\/wp-json\/wp\/v2\/users\/6"}],"replies":[{"embeddable":true,"href":"https:\/\/polititzacionsdelmalestar.org\/es\/wp-json\/wp\/v2\/comments?post=3852"}],"version-history":[{"count":11,"href":"https:\/\/polititzacionsdelmalestar.org\/es\/wp-json\/wp\/v2\/pages\/3852\/revisions"}],"predecessor-version":[{"id":9258,"href":"https:\/\/polititzacionsdelmalestar.org\/es\/wp-json\/wp\/v2\/pages\/3852\/revisions\/9258"}],"up":[{"embeddable":true,"href":"https:\/\/polititzacionsdelmalestar.org\/es\/wp-json\/wp\/v2\/pages\/3408"}],"wp:attachment":[{"href":"https:\/\/polititzacionsdelmalestar.org\/es\/wp-json\/wp\/v2\/media?parent=3852"}],"curies":[{"name":"wp","href":"https:\/\/api.w.org\/{rel}","templated":true}]}}