


{"id":3722,"date":"2017-11-29T18:00:23","date_gmt":"2017-11-29T18:00:23","guid":{"rendered":"https:\/\/polititzacionsdelmalestar.org\/entrevistes\/?lang=es"},"modified":"2020-02-17T15:39:59","modified_gmt":"2020-02-17T15:39:59","slug":"entrevistes","status":"publish","type":"page","link":"https:\/\/polititzacionsdelmalestar.org\/es\/entrevistes\/","title":{"rendered":"Entrevistas"},"content":{"rendered":"<div id=\"pl-3722\"  class=\"panel-layout\" ><div id=\"pg-3722-0\"  class=\"panel-grid panel-no-style\" ><div id=\"pgc-3722-0-0\"  class=\"panel-grid-cell\" ><div id=\"panel-3722-0-0-0\" class=\"so-panel widget widget_sow-editor panel-first-child panel-last-child\" data-index=\"0\" ><div\n\t\t\t\n\t\t\tclass=\"so-widget-sow-editor so-widget-sow-editor-base\"\n\t\t\t\n\t\t><h3 class=\"widget-title\">Entrevistas<\/h3>\n<div class=\"siteorigin-widget-tinymce textwidget\">\n\t<\/div>\n<\/div><\/div><\/div><\/div><div id=\"pg-3722-1\"  class=\"panel-grid panel-no-style\" ><div id=\"pgc-3722-1-0\"  class=\"panel-grid-cell\" ><div id=\"panel-3722-1-0-0\" class=\"widget_text so-panel widget widget_custom_html panel-first-child\" data-index=\"1\" ><div class=\"textwidget custom-html-widget\"><a id=\"69f0c798e9077\" rel=\"wp-video-lightbox\" href=\"https:\/\/www.youtube.com\/watch?v=2_SWoWnIqQ8&#038;width=800&#038;height=600\" title=\"\"><img decoding=\"async\" src=\"https:\/\/polititzacionsdelmalestar.org\/wp-content\/uploads\/2018\/01\/video_alfonso.jpg\" class=\"video_lightbox_anchor_image\" alt=\"Entrevista a Alfonso Levy, 3\/4\/17\" \/><\/a>    <script>\r\n    \/* <![CDATA[ *\/\r\n    jQuery(document).ready(function($){\r\n        $(function(){\r\n            var width = $(window).innerWidth();\r\n            var setwidth = parseFloat(800);\r\n            var ratio = parseFloat(0.75);\r\n            var height = parseFloat(600);\r\n            var link = 'https:\/\/www.youtube.com\/watch?v=2_SWoWnIqQ8&amp;width=800&amp;height=600';\r\n            if(width < setwidth)\r\n            {\r\n                height = Math.floor(width * 0.75);\r\n                \/\/console.log(\"device width \"+width+\", set width \"+800+\", ratio \"+0.75+\", new height \"+ height);\r\n                var new_url = wpvl_paramReplace('width', link, width);\r\n                var new_url = wpvl_paramReplace('height', new_url, height);\r\n                $(\"a#69f0c798e9077\").attr('href', new_url);\r\n                \/\/console.log(new_url);\r\n            }\r\n        });\r\n    });\r\n    \/* ]]> *\/\r\n    <\/script> <\/div><\/div><div id=\"panel-3722-1-0-1\" class=\"so-panel widget widget_sow-editor panel-last-child\" data-index=\"2\" ><div\n\t\t\t\n\t\t\tclass=\"so-widget-sow-editor so-widget-sow-editor-base\"\n\t\t\t\n\t\t>\n<div class=\"siteorigin-widget-tinymce textwidget\">\n\t<p><strong>Alfonso Levy<\/strong>, fil\u00f3logo y poeta.<br \/><a href=\"https:\/\/polititzacionsdelmalestar.org\/wp-content\/uploads\/2020\/02\/Transcripci\u00f3n-de-la-entrevista-a-Alfonso-Levy.pdf\" target=\"_blank\" rel=\"noopener\">Transcripci\u00f3n de la entrevista a Alfonso Levy<\/a>. PDF 58 KB<\/p>\n<p>3 de abril del 2017 <br \/>Duraci\u00f3n: 31 min<\/p>\n<\/div>\n<\/div><\/div><\/div><div id=\"pgc-3722-1-1\"  class=\"panel-grid-cell\" ><div id=\"panel-3722-1-1-0\" class=\"widget_text so-panel widget widget_custom_html panel-first-child\" data-index=\"3\" ><div class=\"textwidget custom-html-widget\"><a id=\"69f0c798e94ea\" rel=\"wp-video-lightbox\" href=\"https:\/\/www.youtube.com\/watch?v=LnVMq_9EY9k&#038;width=800&#038;height=600\" title=\"\"><img decoding=\"async\" src=\"https:\/\/polititzacionsdelmalestar.org\/wp-content\/uploads\/2018\/01\/video_laura.jpg\" class=\"video_lightbox_anchor_image\" alt=\"Entrevista a Laura Mercader, 8\/5\/17\" \/><\/a>    <script>\r\n    \/* <![CDATA[ *\/\r\n    jQuery(document).ready(function($){\r\n        $(function(){\r\n            var width = $(window).innerWidth();\r\n            var setwidth = parseFloat(800);\r\n            var ratio = parseFloat(0.75);\r\n            var height = parseFloat(600);\r\n            var link = 'https:\/\/www.youtube.com\/watch?v=LnVMq_9EY9k&amp;width=800&amp;height=600';\r\n            if(width < setwidth)\r\n            {\r\n                height = Math.floor(width * 0.75);\r\n                \/\/console.log(\"device width \"+width+\", set width \"+800+\", ratio \"+0.75+\", new height \"+ height);\r\n                var new_url = wpvl_paramReplace('width', link, width);\r\n                var new_url = wpvl_paramReplace('height', new_url, height);\r\n                $(\"a#69f0c798e94ea\").attr('href', new_url);\r\n                \/\/console.log(new_url);\r\n            }\r\n        });\r\n    });\r\n    \/* ]]> *\/\r\n    <\/script> <\/div><\/div><div id=\"panel-3722-1-1-1\" class=\"so-panel widget widget_sow-editor panel-last-child\" data-index=\"4\" ><div\n\t\t\t\n\t\t\tclass=\"so-widget-sow-editor so-widget-sow-editor-base\"\n\t\t\t\n\t\t>\n<div class=\"siteorigin-widget-tinymce textwidget\">\n\t<p><strong>Laura Mercader<\/strong>, directora de DUODA y profesora del Departamento de Historia del Arte y Bellas Artes de la Universidad de Barcelona.<br \/><a href=\"https:\/\/polititzacionsdelmalestar.org\/wp-content\/uploads\/2020\/02\/Transcripci\u00f3-de-la-entrevista-a-Laura-Mercader.pdf\" target=\"_blank\" rel=\"noopener\">Transcripci\u00f3 de la entrevista a Laura Mercader<\/a>. PDF 64 KB<\/p>\n<p>8 de mayo del 2017 <br \/>Duraci\u00f3n: 33 min<\/p>\n<\/div>\n<\/div><\/div><\/div><div id=\"pgc-3722-1-2\"  class=\"panel-grid-cell\" ><div id=\"panel-3722-1-2-0\" class=\"widget_text so-panel widget widget_custom_html panel-first-child\" data-index=\"5\" ><div class=\"textwidget custom-html-widget\"><a id=\"69f0c798e98f5\" rel=\"wp-video-lightbox\" href=\"https:\/\/www.youtube.com\/watch?v=6JTCHaS5NXQ&#038;width=800&#038;height=600\" title=\"\"><img decoding=\"async\" src=\"https:\/\/polititzacionsdelmalestar.org\/wp-content\/uploads\/2018\/01\/video_joan.jpg\" class=\"video_lightbox_anchor_image\" alt=\"Entrevista a Joan Minguet, 7\/6\/17\" \/><\/a>    <script>\r\n    \/* <![CDATA[ *\/\r\n    jQuery(document).ready(function($){\r\n        $(function(){\r\n            var width = $(window).innerWidth();\r\n            var setwidth = parseFloat(800);\r\n            var ratio = parseFloat(0.75);\r\n            var height = parseFloat(600);\r\n            var link = 'https:\/\/www.youtube.com\/watch?v=6JTCHaS5NXQ&amp;width=800&amp;height=600';\r\n            if(width < setwidth)\r\n            {\r\n                height = Math.floor(width * 0.75);\r\n                \/\/console.log(\"device width \"+width+\", set width \"+800+\", ratio \"+0.75+\", new height \"+ height);\r\n                var new_url = wpvl_paramReplace('width', link, width);\r\n                var new_url = wpvl_paramReplace('height', new_url, height);\r\n                $(\"a#69f0c798e98f5\").attr('href', new_url);\r\n                \/\/console.log(new_url);\r\n            }\r\n        });\r\n    });\r\n    \/* ]]> *\/\r\n    <\/script> <\/div><\/div><div id=\"panel-3722-1-2-1\" class=\"so-panel widget widget_sow-editor panel-last-child\" data-index=\"6\" ><div\n\t\t\t\n\t\t\tclass=\"so-widget-sow-editor so-widget-sow-editor-base\"\n\t\t\t\n\t\t>\n<div class=\"siteorigin-widget-tinymce textwidget\">\n\t<p><strong>Joan Minguet<\/strong>, profesor de Historia del Arte Contempor\u00e1neo e Historia del Cine de la Universidad Aut\u00f3noma de Barcelona.<br \/><a href=\"https:\/\/polititzacionsdelmalestar.org\/wp-content\/uploads\/2020\/02\/Transcripci\u00f3n-de-la-entrevista-a-Joan-MMinguet.pdf\" target=\"_blank\" rel=\"noopener\">Transcripci\u00f3n de la entrevista a Joan M. Minguet<\/a>. PDF 98 KB<\/p>\n<p>7 de junio del 2017 <br \/>Duraci\u00f3n: 36 min.<\/p>\n<\/div>\n<\/div><\/div><\/div><\/div><div id=\"pg-3722-2\"  class=\"panel-grid panel-no-style\" ><div id=\"pgc-3722-2-0\"  class=\"panel-grid-cell\" ><div id=\"panel-3722-2-0-0\" class=\"widget_text so-panel widget widget_custom_html panel-first-child\" data-index=\"7\" ><div class=\"textwidget custom-html-widget\"><a id=\"69f0c798e9d35\" rel=\"wp-video-lightbox\" href=\"https:\/\/www.youtube.com\/watch?v=iAnmqsUIAE4&#038;width=800&#038;height=600\" title=\"\"><img decoding=\"async\" src=\"https:\/\/polititzacionsdelmalestar.org\/wp-content\/uploads\/2018\/01\/video_elsa.jpg\" class=\"video_lightbox_anchor_image\" alt=\"Entrevista a Elsa Plaza, 17\/7\/17\" \/><\/a>    <script>\r\n    \/* <![CDATA[ *\/\r\n    jQuery(document).ready(function($){\r\n        $(function(){\r\n            var width = $(window).innerWidth();\r\n            var setwidth = parseFloat(800);\r\n            var ratio = parseFloat(0.75);\r\n            var height = parseFloat(600);\r\n            var link = 'https:\/\/www.youtube.com\/watch?v=iAnmqsUIAE4&amp;width=800&amp;height=600';\r\n            if(width < setwidth)\r\n            {\r\n                height = Math.floor(width * 0.75);\r\n                \/\/console.log(\"device width \"+width+\", set width \"+800+\", ratio \"+0.75+\", new height \"+ height);\r\n                var new_url = wpvl_paramReplace('width', link, width);\r\n                var new_url = wpvl_paramReplace('height', new_url, height);\r\n                $(\"a#69f0c798e9d35\").attr('href', new_url);\r\n                \/\/console.log(new_url);\r\n            }\r\n        });\r\n    });\r\n    \/* ]]> *\/\r\n    <\/script> <\/div><\/div><div id=\"panel-3722-2-0-1\" class=\"so-panel widget widget_sow-editor panel-last-child\" data-index=\"8\" ><div\n\t\t\t\n\t\t\tclass=\"so-widget-sow-editor so-widget-sow-editor-base\"\n\t\t\t\n\t\t>\n<div class=\"siteorigin-widget-tinymce textwidget\">\n\t<p><strong>Elsa Plaza<\/strong>, escritora, historiadora del arte y activista.<br \/><a href=\"https:\/\/polititzacionsdelmalestar.org\/wp-content\/uploads\/2020\/02\/Transcripci\u00f3n-de-la-entrevista-a-Elsa-Plaza.pdf\" target=\"_blank\" rel=\"noopener\">Transcripci\u00f3n de la entrevista a Elsa Plaza<\/a>. PDF 68 KB<\/p>\n<p>17 de julio del 2017 <br \/>Duraci\u00f3n: 30 min<\/p>\n<\/div>\n<\/div><\/div><\/div><div id=\"pgc-3722-2-1\"  class=\"panel-grid-cell\" ><div id=\"panel-3722-2-1-0\" class=\"widget_text so-panel widget widget_custom_html panel-first-child\" data-index=\"9\" ><div class=\"textwidget custom-html-widget\"><a id=\"69f0c798ea13b\" rel=\"wp-video-lightbox\" href=\"https:\/\/www.youtube.com\/watch?v=WrXP4WzzJho&#038;width=800&#038;height=600\" title=\"\"><img decoding=\"async\" src=\"https:\/\/polititzacionsdelmalestar.org\/wp-content\/uploads\/2018\/01\/video_manel.jpg\" class=\"video_lightbox_anchor_image\" alt=\"Entrevista a Manuel Delgado, 22\/5\/17\" \/><\/a>    <script>\r\n    \/* <![CDATA[ *\/\r\n    jQuery(document).ready(function($){\r\n        $(function(){\r\n            var width = $(window).innerWidth();\r\n            var setwidth = parseFloat(800);\r\n            var ratio = parseFloat(0.75);\r\n            var height = parseFloat(600);\r\n            var link = 'https:\/\/www.youtube.com\/watch?v=WrXP4WzzJho&amp;width=800&amp;height=600';\r\n            if(width < setwidth)\r\n            {\r\n                height = Math.floor(width * 0.75);\r\n                \/\/console.log(\"device width \"+width+\", set width \"+800+\", ratio \"+0.75+\", new height \"+ height);\r\n                var new_url = wpvl_paramReplace('width', link, width);\r\n                var new_url = wpvl_paramReplace('height', new_url, height);\r\n                $(\"a#69f0c798ea13b\").attr('href', new_url);\r\n                \/\/console.log(new_url);\r\n            }\r\n        });\r\n    });\r\n    \/* ]]> *\/\r\n    <\/script> <\/div><\/div><div id=\"panel-3722-2-1-1\" class=\"so-panel widget widget_sow-editor panel-last-child\" data-index=\"10\" ><div\n\t\t\t\n\t\t\tclass=\"so-widget-sow-editor so-widget-sow-editor-base\"\n\t\t\t\n\t\t>\n<div class=\"siteorigin-widget-tinymce textwidget\">\n\t<p><strong>Manuel Delgado<\/strong>, profesor de Antropolog\u00eda del Departamento de Antropolog\u00eda Social de la Universidad de Barcelona.\u00a0<br \/><a href=\"https:\/\/polititzacionsdelmalestar.org\/wp-content\/uploads\/2020\/02\/Transcripci\u00f3n-de-la-entrevista-a-Manuel-Delgado.pdf\" target=\"_blank\" rel=\"noopener\">Transcripci\u00f3n de la entrevista a Manuel Delgado<\/a>. PDF 104 KB<\/p>\n<p>22 mayo del 2017 <br \/>Duraci\u00f3n: 39 min<\/p>\n<\/div>\n<\/div><\/div><\/div><div id=\"pgc-3722-2-2\"  class=\"panel-grid-cell\" ><div id=\"panel-3722-2-2-0\" class=\"widget_text so-panel widget widget_custom_html panel-first-child\" data-index=\"11\" ><div class=\"textwidget custom-html-widget\"><a id=\"69f0c798ea545\" rel=\"wp-video-lightbox\" href=\"https:\/\/www.youtube.com\/watch?v=8OOde3_McOc&#038;width=800&#038;height=600\" title=\"\"><img decoding=\"async\" src=\"https:\/\/polititzacionsdelmalestar.org\/wp-content\/uploads\/2018\/01\/video_pere.jpg\" class=\"video_lightbox_anchor_image\" alt=\"Entrevista a Pere Salabert, 29\/5\/17\" \/><\/a>    <script>\r\n    \/* <![CDATA[ *\/\r\n    jQuery(document).ready(function($){\r\n        $(function(){\r\n            var width = $(window).innerWidth();\r\n            var setwidth = parseFloat(800);\r\n            var ratio = parseFloat(0.75);\r\n            var height = parseFloat(600);\r\n            var link = 'https:\/\/www.youtube.com\/watch?v=8OOde3_McOc&amp;width=800&amp;height=600';\r\n            if(width < setwidth)\r\n            {\r\n                height = Math.floor(width * 0.75);\r\n                \/\/console.log(\"device width \"+width+\", set width \"+800+\", ratio \"+0.75+\", new height \"+ height);\r\n                var new_url = wpvl_paramReplace('width', link, width);\r\n                var new_url = wpvl_paramReplace('height', new_url, height);\r\n                $(\"a#69f0c798ea545\").attr('href', new_url);\r\n                \/\/console.log(new_url);\r\n            }\r\n        });\r\n    });\r\n    \/* ]]> *\/\r\n    <\/script> <\/div><\/div><div id=\"panel-3722-2-2-1\" class=\"so-panel widget widget_sow-editor panel-last-child\" data-index=\"12\" ><div\n\t\t\t\n\t\t\tclass=\"so-widget-sow-editor so-widget-sow-editor-base\"\n\t\t\t\n\t\t>\n<div class=\"siteorigin-widget-tinymce textwidget\">\n\t<p><strong>Pere Salabert<\/strong>, Catedr\u00e1tico de Est\u00e9tica y Teor\u00eda del Arte del Departamento de Historia del Arte de la Universidad de Barcelona, em\u00e9rito. <br \/><a href=\"https:\/\/polititzacionsdelmalestar.org\/wp-content\/uploads\/2020\/02\/Transcripci\u00f3n-de-la-entrevista-a-Pere-Salabert.pdf\" target=\"_blank\" rel=\"noopener\">Transcripci\u00f3n de la entrevista a Pere Salabert<\/a>. PDF 112 KB<\/p>\n<p>29 mayo del 2017 <br \/>Duraci\u00f3n: 45 min<\/p>\n<\/div>\n<\/div><\/div><\/div><\/div><\/div>","protected":false},"excerpt":{"rendered":"<p>Alfonso Levy, fil\u00f3logo y poeta.Transcripci\u00f3n de la entrevista a Alfonso Levy. PDF 58 KB 3 de abril del 2017 Duraci\u00f3n: 31 min Laura Mercader, directora de DUODA y profesora del Departamento de Historia del Arte y &hellip; <a class=\"kt-excerpt-readmore\" href=\"https:\/\/polititzacionsdelmalestar.org\/es\/entrevistes\/\" aria-label=\"Entrevistas\">Leer m&aacute;s<\/a><\/p>\n","protected":false},"author":6,"featured_media":0,"parent":0,"menu_order":0,"comment_status":"closed","ping_status":"closed","template":"page-sidebar.php","meta":{"footnotes":""},"class_list":["post-3722","page","type-page","status-publish","hentry"],"_links":{"self":[{"href":"https:\/\/polititzacionsdelmalestar.org\/es\/wp-json\/wp\/v2\/pages\/3722","targetHints":{"allow":["GET"]}}],"collection":[{"href":"https:\/\/polititzacionsdelmalestar.org\/es\/wp-json\/wp\/v2\/pages"}],"about":[{"href":"https:\/\/polititzacionsdelmalestar.org\/es\/wp-json\/wp\/v2\/types\/page"}],"author":[{"embeddable":true,"href":"https:\/\/polititzacionsdelmalestar.org\/es\/wp-json\/wp\/v2\/users\/6"}],"replies":[{"embeddable":true,"href":"https:\/\/polititzacionsdelmalestar.org\/es\/wp-json\/wp\/v2\/comments?post=3722"}],"version-history":[{"count":11,"href":"https:\/\/polititzacionsdelmalestar.org\/es\/wp-json\/wp\/v2\/pages\/3722\/revisions"}],"predecessor-version":[{"id":9748,"href":"https:\/\/polititzacionsdelmalestar.org\/es\/wp-json\/wp\/v2\/pages\/3722\/revisions\/9748"}],"wp:attachment":[{"href":"https:\/\/polititzacionsdelmalestar.org\/es\/wp-json\/wp\/v2\/media?parent=3722"}],"curies":[{"name":"wp","href":"https:\/\/api.w.org\/{rel}","templated":true}]}}