


{"id":3703,"date":"2018-01-22T18:33:10","date_gmt":"2018-01-22T18:33:10","guid":{"rendered":"https:\/\/polititzacionsdelmalestar.org\/activitats\/virginia-garcia-del-pino-ub\/?lang=es"},"modified":"2018-02-06T18:58:02","modified_gmt":"2018-02-06T18:58:02","slug":"virginia-garcia-del-pino-ub","status":"publish","type":"page","link":"https:\/\/polititzacionsdelmalestar.org\/es\/activitats\/virginia-garcia-del-pino-ub\/","title":{"rendered":"Virginia Garc\u00eda del Pino en la UB"},"content":{"rendered":"<div id=\"pl-3703\"  class=\"panel-layout\" ><div id=\"pg-3703-0\"  class=\"panel-grid panel-no-style\" ><div id=\"pgc-3703-0-0\"  class=\"panel-grid-cell\" ><div id=\"panel-3703-0-0-0\" class=\"so-panel widget widget_sow-editor panel-first-child panel-last-child\" data-index=\"0\" ><div\n\t\t\t\n\t\t\tclass=\"so-widget-sow-editor so-widget-sow-editor-base\"\n\t\t\t\n\t\t><h3 class=\"widget-title\">Presentaci\u00f3n del proyecto<\/h3>\n<div class=\"siteorigin-widget-tinymce textwidget\">\n\t<p><strong><a href=\"https:\/\/polititzacionsdelmalestar.org\/2018\/01\/24\/virginia-garcia-del-pino\/?lang=es\">Virginia Garc\u00eda del Pino<\/a> \u00a0en la Universidad de Barcelona<\/strong><\/p>\n<p>Virginia Garc\u00eda del Pino, presenta su proyecto <a href=\"https:\/\/polititzacionsdelmalestar.org\/2018\/01\/26\/quien-canta-su-mal-espanta\/?lang=es\">Quien canta su mal espanta<\/a> producido por Arts Santa M\u00f2nica y B\u00f2lit dentro del marco de Politizaciones del malestar en el contexto de su residencia en Girona y sus producciones cinematogr\u00e1ficas.<\/p>\n<div class=\"kad-spacer clearfix\" style=\"height:5px\"><\/div>\n<a id=\"69f0c9f20bb7b\" rel=\"wp-video-lightbox\" href=\"https:\/\/www.youtube.com\/watch?v=8qOKsqDQeBU&#038;width=800&#038;height=600\" title=\"\"><img decoding=\"async\" src=\"https:\/\/polititzacionsdelmalestar.org\/wp-content\/uploads\/2018\/01\/virginia-a-ub.jpg\" class=\"video_lightbox_anchor_image\" alt=\"Virginia Garc\u00eda del Pino en la UB\" \/><\/a>    <script>\r\n    \/* <![CDATA[ *\/\r\n    jQuery(document).ready(function($){\r\n        $(function(){\r\n            var width = $(window).innerWidth();\r\n            var setwidth = parseFloat(800);\r\n            var ratio = parseFloat(0.75);\r\n            var height = parseFloat(600);\r\n            var link = 'https:\/\/www.youtube.com\/watch?v=8qOKsqDQeBU&amp;width=800&amp;height=600';\r\n            if(width < setwidth)\r\n            {\r\n                height = Math.floor(width * 0.75);\r\n                \/\/console.log(\"device width \"+width+\", set width \"+800+\", ratio \"+0.75+\", new height \"+ height);\r\n                var new_url = wpvl_paramReplace('width', link, width);\r\n                var new_url = wpvl_paramReplace('height', new_url, height);\r\n                $(\"a#69f0c9f20bb7b\").attr('href', new_url);\r\n                \/\/console.log(new_url);\r\n            }\r\n        });\r\n    });\r\n    \/* ]]> *\/\r\n    <\/script>\n<\/div>\n<\/div><\/div><\/div><div id=\"pgc-3703-0-1\"  class=\"panel-grid-cell\" ><div id=\"panel-3703-0-1-0\" class=\"so-panel widget widget_virtue_gallery_widget virtue_gallery_widget panel-first-child panel-last-child\" data-index=\"1\" ><div id=\"kad-wp-gallery244\" class=\"kad-wp-gallery gallery kt-gallery-column-1 init-isotope-intrinsic reinit-isotope kad-light-wp-gallery clearfix rowtight\" data-fade-in=\"1\" data-iso-selector=\".g_item\" data-iso-style=\"masonry\" data-iso-filter=\"false\"><div class=\"tcol-lg-12 tcol-md-12 tcol-sm-12 tcol-xs-12 tcol-ss-12 g_item\"><div class=\"grid_item kt_item_fade_in kad_gallery_fade_in gallery_item\"><a href=\"https:\/\/polititzacionsdelmalestar.org\/wp-content\/uploads\/2018\/01\/01-2.jpg\" data-rel=\"lightbox\" class=\"lightboxhover\"><div class=\"kt-intrinsic\" style=\"padding-bottom:100%;\"><div itemprop=\"image\" itemscope itemtype=\"https:\/\/schema.org\/ImageObject\"><img loading=\"lazy\" decoding=\"async\" width=\"560\" height=\"560\" src=\"https:\/\/polititzacionsdelmalestar.org\/wp-content\/uploads\/2018\/01\/01-2-560x560.jpg\" srcset=\"https:\/\/polititzacionsdelmalestar.org\/wp-content\/uploads\/2018\/01\/01-2-560x560.jpg 560w, https:\/\/polititzacionsdelmalestar.org\/wp-content\/uploads\/2018\/01\/01-2-150x150.jpg 150w\" sizes=\"auto, (max-width: 560px) 100vw, 560px\" data-caption=\"Virginia Garc\u00eda del Pino  a la Universitat de Barcelona\n\" class=\"light-dropshaddow\" itemprop=\"contentUrl\" alt=\"Virginia Garc\u00eda del Pino a la Universitat de Barcelona\"><meta itemprop=\"url\" content=\"https:\/\/polititzacionsdelmalestar.org\/wp-content\/uploads\/2018\/01\/01-2-560x560.jpg\"><meta itemprop=\"width\" content=\"560px\"><meta itemprop=\"height\" content=\"560px\"><\/div><\/div><div class=\"caption kad_caption\"><div class=\"kad_caption_inner\">Virginia Garc\u00eda del Pino  a la Universitat de Barcelona\n<\/div><\/div><\/a><\/div><\/div><\/div><\/div><\/div><\/div><\/div>","protected":false},"excerpt":{"rendered":"<p>Virginia Garc\u00eda del Pino \u00a0en la Universidad de Barcelona Virginia Garc\u00eda del Pino, presenta su proyecto Quien canta su mal espanta producido por Arts Santa M\u00f2nica y B\u00f2lit dentro del marco de Politizaciones del malestar en &hellip; <a class=\"kt-excerpt-readmore\" href=\"https:\/\/polititzacionsdelmalestar.org\/es\/activitats\/virginia-garcia-del-pino-ub\/\" aria-label=\"Virginia Garc\u00eda del Pino en la UB\">Leer m&aacute;s<\/a><\/p>\n","protected":false},"author":6,"featured_media":0,"parent":3408,"menu_order":0,"comment_status":"closed","ping_status":"closed","template":"page-sidebar.php","meta":{"footnotes":""},"class_list":["post-3703","page","type-page","status-publish","hentry"],"_links":{"self":[{"href":"https:\/\/polititzacionsdelmalestar.org\/es\/wp-json\/wp\/v2\/pages\/3703","targetHints":{"allow":["GET"]}}],"collection":[{"href":"https:\/\/polititzacionsdelmalestar.org\/es\/wp-json\/wp\/v2\/pages"}],"about":[{"href":"https:\/\/polititzacionsdelmalestar.org\/es\/wp-json\/wp\/v2\/types\/page"}],"author":[{"embeddable":true,"href":"https:\/\/polititzacionsdelmalestar.org\/es\/wp-json\/wp\/v2\/users\/6"}],"replies":[{"embeddable":true,"href":"https:\/\/polititzacionsdelmalestar.org\/es\/wp-json\/wp\/v2\/comments?post=3703"}],"version-history":[{"count":4,"href":"https:\/\/polititzacionsdelmalestar.org\/es\/wp-json\/wp\/v2\/pages\/3703\/revisions"}],"predecessor-version":[{"id":7326,"href":"https:\/\/polititzacionsdelmalestar.org\/es\/wp-json\/wp\/v2\/pages\/3703\/revisions\/7326"}],"up":[{"embeddable":true,"href":"https:\/\/polititzacionsdelmalestar.org\/es\/wp-json\/wp\/v2\/pages\/3408"}],"wp:attachment":[{"href":"https:\/\/polititzacionsdelmalestar.org\/es\/wp-json\/wp\/v2\/media?parent=3703"}],"curies":[{"name":"wp","href":"https:\/\/api.w.org\/{rel}","templated":true}]}}