


{"id":3694,"date":"2018-01-22T18:19:46","date_gmt":"2018-01-22T18:19:46","guid":{"rendered":"https:\/\/polititzacionsdelmalestar.org\/activitats\/virginia-garcia-del-pino-a-bolit\/?lang=es"},"modified":"2018-02-06T18:56:16","modified_gmt":"2018-02-06T18:56:16","slug":"virginia-garcia-del-pino-a-bolit","status":"publish","type":"page","link":"https:\/\/polititzacionsdelmalestar.org\/es\/activitats\/virginia-garcia-del-pino-a-bolit\/","title":{"rendered":"Virginia Garc\u00eda del Pino en B\u00f2lit de Girona"},"content":{"rendered":"<div id=\"pl-3694\"  class=\"panel-layout\" ><div id=\"pg-3694-0\"  class=\"panel-grid panel-no-style\" ><div id=\"pgc-3694-0-0\"  class=\"panel-grid-cell\" ><div id=\"panel-3694-0-0-0\" class=\"so-panel widget widget_sow-editor panel-first-child panel-last-child\" data-index=\"0\" ><div\n\t\t\t\n\t\t\tclass=\"so-widget-sow-editor so-widget-sow-editor-base\"\n\t\t\t\n\t\t><h3 class=\"widget-title\">Residencia<\/h3>\n<div class=\"siteorigin-widget-tinymce textwidget\">\n\t<p><strong><a href=\"https:\/\/polititzacionsdelmalestar.org\/2018\/01\/24\/virginia-garcia-del-pino\/?lang=es\">Virginia Garc\u00eda del Pino <\/a>en residencia en B\u00f2lit de Girona<\/strong><\/p>\n<p>Virginia Garc\u00eda del Pino, dise\u00f1a y realiza su proyecto <a href=\"https:\/\/polititzacionsdelmalestar.org\/2018\/01\/26\/quien-canta-su-mal-espanta\/?lang=es\">Quien canta su mal espanta<\/a> producido por Arte Santa M\u00f2nica y B\u00f2lit dentro del marco de Politizaciones del malestar en el contexto de su residencia en Girona y sus producciones cinematogr\u00e1ficas.<\/p>\n<p>El proyecto que se desarroll\u00f3 entre los meses de julio y agosto del 2017, quiere indagar sobre la capacidad humana de curar el alma a trav\u00e9s del canto, convirtiendo la Capella de Santa Ll\u00facia en un refugio para aliviar malestares.<\/p>\n<div class=\"kad-spacer clearfix\" style=\"height:5px\"><\/div>\n<a id=\"69f0ca1fea297\" rel=\"wp-video-lightbox\" href=\"https:\/\/www.youtube.com\/watch?v=6pGLMufiyjU&#038;width=800&#038;height=600\" title=\"\"><img decoding=\"async\" src=\"https:\/\/polititzacionsdelmalestar.org\/wp-content\/uploads\/2018\/01\/virginia-a-bolit.jpg\" class=\"video_lightbox_anchor_image\" alt=\"Virginia Garc\u00eda del Pino en resid\u00e8ncia en B\u00f2lit de Girona\" \/><\/a>    <script>\r\n    \/* <![CDATA[ *\/\r\n    jQuery(document).ready(function($){\r\n        $(function(){\r\n            var width = $(window).innerWidth();\r\n            var setwidth = parseFloat(800);\r\n            var ratio = parseFloat(0.75);\r\n            var height = parseFloat(600);\r\n            var link = 'https:\/\/www.youtube.com\/watch?v=6pGLMufiyjU&amp;width=800&amp;height=600';\r\n            if(width < setwidth)\r\n            {\r\n                height = Math.floor(width * 0.75);\r\n                \/\/console.log(\"device width \"+width+\", set width \"+800+\", ratio \"+0.75+\", new height \"+ height);\r\n                var new_url = wpvl_paramReplace('width', link, width);\r\n                var new_url = wpvl_paramReplace('height', new_url, height);\r\n                $(\"a#69f0ca1fea297\").attr('href', new_url);\r\n                \/\/console.log(new_url);\r\n            }\r\n        });\r\n    });\r\n    \/* ]]> *\/\r\n    <\/script>\n<\/div>\n<\/div><\/div><\/div><div id=\"pgc-3694-0-1\"  class=\"panel-grid-cell\" ><div id=\"panel-3694-0-1-0\" class=\"so-panel widget widget_virtue_gallery_widget virtue_gallery_widget panel-first-child panel-last-child\" data-index=\"1\" ><div id=\"kad-wp-gallery975\" class=\"kad-wp-gallery gallery kt-gallery-column-1 init-isotope-intrinsic reinit-isotope kad-light-wp-gallery clearfix rowtight\" data-fade-in=\"1\" data-iso-selector=\".g_item\" data-iso-style=\"masonry\" data-iso-filter=\"false\"><div class=\"tcol-lg-12 tcol-md-12 tcol-sm-12 tcol-xs-12 tcol-ss-12 g_item\"><div class=\"grid_item kt_item_fade_in kad_gallery_fade_in gallery_item\"><a href=\"https:\/\/polititzacionsdelmalestar.org\/wp-content\/uploads\/2018\/01\/01-1.jpg\" data-rel=\"lightbox\" class=\"lightboxhover\"><div class=\"kt-intrinsic\" style=\"padding-bottom:100%;\"><div itemprop=\"image\" itemscope itemtype=\"https:\/\/schema.org\/ImageObject\"><img loading=\"lazy\" decoding=\"async\" width=\"560\" height=\"560\" src=\"https:\/\/polititzacionsdelmalestar.org\/wp-content\/uploads\/2018\/01\/01-1-560x560.jpg\" srcset=\"https:\/\/polititzacionsdelmalestar.org\/wp-content\/uploads\/2018\/01\/01-1-560x560.jpg 560w, https:\/\/polititzacionsdelmalestar.org\/wp-content\/uploads\/2018\/01\/01-1-150x150.jpg 150w\" sizes=\"auto, (max-width: 560px) 100vw, 560px\" data-caption=\"Virginia Garc\u00eda del Pino en residencia en B\u00f2lit (Capilla de Santa Ll\u00facia) en Girona.\" class=\"light-dropshaddow\" itemprop=\"contentUrl\" alt=\"Virginia Garc\u00eda del Pino en resid\u00e8ncia a B\u00f2lit de Girona\"><meta itemprop=\"url\" content=\"https:\/\/polititzacionsdelmalestar.org\/wp-content\/uploads\/2018\/01\/01-1-560x560.jpg\"><meta itemprop=\"width\" content=\"560px\"><meta itemprop=\"height\" content=\"560px\"><\/div><\/div><div class=\"caption kad_caption\"><div class=\"kad_caption_inner\">Virginia Garc\u00eda del Pino en residencia en B\u00f2lit (Capilla de Santa Ll\u00facia) en Girona.<\/div><\/div><\/a><\/div><\/div><div class=\"tcol-lg-12 tcol-md-12 tcol-sm-12 tcol-xs-12 tcol-ss-12 g_item\"><div class=\"grid_item kt_item_fade_in kad_gallery_fade_in gallery_item\"><a href=\"https:\/\/polititzacionsdelmalestar.org\/wp-content\/uploads\/2018\/01\/02-1.jpg\" data-rel=\"lightbox\" class=\"lightboxhover\"><div class=\"kt-intrinsic\" style=\"padding-bottom:100%;\"><div itemprop=\"image\" itemscope itemtype=\"https:\/\/schema.org\/ImageObject\"><img loading=\"lazy\" decoding=\"async\" width=\"560\" height=\"560\" src=\"https:\/\/polititzacionsdelmalestar.org\/wp-content\/uploads\/2018\/01\/02-1-560x560.jpg\" srcset=\"https:\/\/polititzacionsdelmalestar.org\/wp-content\/uploads\/2018\/01\/02-1-560x560.jpg 560w, https:\/\/polititzacionsdelmalestar.org\/wp-content\/uploads\/2018\/01\/02-1-150x150.jpg 150w\" sizes=\"auto, (max-width: 560px) 100vw, 560px\" data-caption=\"Capilla de Santa Ll\u00facia (B\u00f2lit) en Girona.\" class=\"light-dropshaddow\" itemprop=\"contentUrl\" alt=\"Virginia Garc\u00eda del Pino en resid\u00e8ncia a B\u00f2lit de Girona\"><meta itemprop=\"url\" content=\"https:\/\/polititzacionsdelmalestar.org\/wp-content\/uploads\/2018\/01\/02-1-560x560.jpg\"><meta itemprop=\"width\" content=\"560px\"><meta itemprop=\"height\" content=\"560px\"><\/div><\/div><div class=\"caption kad_caption\"><div class=\"kad_caption_inner\">Capilla de Santa Ll\u00facia (B\u00f2lit) en Girona.<\/div><\/div><\/a><\/div><\/div><div class=\"tcol-lg-12 tcol-md-12 tcol-sm-12 tcol-xs-12 tcol-ss-12 g_item\"><div class=\"grid_item kt_item_fade_in kad_gallery_fade_in gallery_item\"><a href=\"https:\/\/polititzacionsdelmalestar.org\/wp-content\/uploads\/2018\/01\/03-1.jpg\" data-rel=\"lightbox\" class=\"lightboxhover\"><div class=\"kt-intrinsic\" style=\"padding-bottom:56.125%;\"><div itemprop=\"image\" itemscope itemtype=\"https:\/\/schema.org\/ImageObject\"><img loading=\"lazy\" decoding=\"async\" width=\"800\" height=\"449\" src=\"https:\/\/polititzacionsdelmalestar.org\/wp-content\/uploads\/2018\/01\/03-1.jpg\" srcset=\"https:\/\/polititzacionsdelmalestar.org\/wp-content\/uploads\/2018\/01\/03-1.jpg 800w, https:\/\/polititzacionsdelmalestar.org\/wp-content\/uploads\/2018\/01\/03-1-300x168.jpg 300w, https:\/\/polititzacionsdelmalestar.org\/wp-content\/uploads\/2018\/01\/03-1-768x431.jpg 768w\" sizes=\"auto, (max-width: 800px) 100vw, 800px\" data-caption=\"Virginia Garc\u00eda del Pino en residencia en B\u00f2lit (Capilla de Santa Ll\u00facia) en Girona.\" class=\"light-dropshaddow\" itemprop=\"contentUrl\" alt=\"Virginia Garc\u00eda del Pino en resid\u00e8ncia a B\u00f2lit de Girona\"><meta itemprop=\"url\" content=\"https:\/\/polititzacionsdelmalestar.org\/wp-content\/uploads\/2018\/01\/03-1.jpg\"><meta itemprop=\"width\" content=\"800px\"><meta itemprop=\"height\" content=\"449px\"><\/div><\/div><div class=\"caption kad_caption\"><div class=\"kad_caption_inner\">Virginia Garc\u00eda del Pino en residencia en B\u00f2lit (Capilla de Santa Ll\u00facia) en Girona.<\/div><\/div><\/a><\/div><\/div><div class=\"tcol-lg-12 tcol-md-12 tcol-sm-12 tcol-xs-12 tcol-ss-12 g_item\"><div class=\"grid_item kt_item_fade_in kad_gallery_fade_in gallery_item\"><a href=\"https:\/\/polititzacionsdelmalestar.org\/wp-content\/uploads\/2018\/01\/04-1.jpg\" data-rel=\"lightbox\" class=\"lightboxhover\"><div class=\"kt-intrinsic\" style=\"padding-bottom:100%;\"><div itemprop=\"image\" itemscope itemtype=\"https:\/\/schema.org\/ImageObject\"><img loading=\"lazy\" decoding=\"async\" width=\"560\" height=\"560\" src=\"https:\/\/polititzacionsdelmalestar.org\/wp-content\/uploads\/2018\/01\/04-1-560x560.jpg\" srcset=\"https:\/\/polititzacionsdelmalestar.org\/wp-content\/uploads\/2018\/01\/04-1-560x560.jpg 560w, https:\/\/polititzacionsdelmalestar.org\/wp-content\/uploads\/2018\/01\/04-1-150x150.jpg 150w\" sizes=\"auto, (max-width: 560px) 100vw, 560px\" data-caption=\"Virginia Garc\u00eda del Pino en residencia en B\u00f2lit (Capilla de Santa Ll\u00facia) en Girona.\" class=\"light-dropshaddow\" itemprop=\"contentUrl\" alt=\"Virginia Garc\u00eda del Pino en resid\u00e8ncia a B\u00f2lit de Girona\"><meta itemprop=\"url\" content=\"https:\/\/polititzacionsdelmalestar.org\/wp-content\/uploads\/2018\/01\/04-1-560x560.jpg\"><meta itemprop=\"width\" content=\"560px\"><meta itemprop=\"height\" content=\"560px\"><\/div><\/div><div class=\"caption kad_caption\"><div class=\"kad_caption_inner\">Virginia Garc\u00eda del Pino en residencia en B\u00f2lit (Capilla de Santa Ll\u00facia) en Girona.<\/div><\/div><\/a><\/div><\/div><div class=\"tcol-lg-12 tcol-md-12 tcol-sm-12 tcol-xs-12 tcol-ss-12 g_item\"><div class=\"grid_item kt_item_fade_in kad_gallery_fade_in gallery_item\"><a href=\"https:\/\/polititzacionsdelmalestar.org\/wp-content\/uploads\/2018\/01\/05-1.jpg\" data-rel=\"lightbox\" class=\"lightboxhover\"><div class=\"kt-intrinsic\" style=\"padding-bottom:100%;\"><div itemprop=\"image\" itemscope itemtype=\"https:\/\/schema.org\/ImageObject\"><img loading=\"lazy\" decoding=\"async\" width=\"560\" height=\"560\" src=\"https:\/\/polititzacionsdelmalestar.org\/wp-content\/uploads\/2018\/01\/05-1-560x560.jpg\" srcset=\"https:\/\/polititzacionsdelmalestar.org\/wp-content\/uploads\/2018\/01\/05-1-560x560.jpg 560w, https:\/\/polititzacionsdelmalestar.org\/wp-content\/uploads\/2018\/01\/05-1-150x150.jpg 150w\" sizes=\"auto, (max-width: 560px) 100vw, 560px\" data-caption=\"Virginia Garc\u00eda del Pino en residencia en B\u00f2lit (Capilla de Santa Ll\u00facia) en Girona.\" class=\"light-dropshaddow\" itemprop=\"contentUrl\" alt=\"Virginia Garc\u00eda del Pino en resid\u00e8ncia a B\u00f2lit de Girona\"><meta itemprop=\"url\" content=\"https:\/\/polititzacionsdelmalestar.org\/wp-content\/uploads\/2018\/01\/05-1-560x560.jpg\"><meta itemprop=\"width\" content=\"560px\"><meta itemprop=\"height\" content=\"560px\"><\/div><\/div><div class=\"caption kad_caption\"><div class=\"kad_caption_inner\">Virginia Garc\u00eda del Pino en residencia en B\u00f2lit (Capilla de Santa Ll\u00facia) en Girona.<\/div><\/div><\/a><\/div><\/div><\/div><\/div><\/div><\/div><\/div>","protected":false},"excerpt":{"rendered":"<p>Virginia Garc\u00eda del Pino en residencia en B\u00f2lit de Girona Virginia Garc\u00eda del Pino, dise\u00f1a y realiza su proyecto Quien canta su mal espanta producido por Arte Santa M\u00f2nica y B\u00f2lit dentro del marco de Politizaciones &hellip; <a class=\"kt-excerpt-readmore\" href=\"https:\/\/polititzacionsdelmalestar.org\/es\/activitats\/virginia-garcia-del-pino-a-bolit\/\" aria-label=\"Virginia Garc\u00eda del Pino en B\u00f2lit de Girona\">Leer m&aacute;s<\/a><\/p>\n","protected":false},"author":6,"featured_media":0,"parent":3408,"menu_order":0,"comment_status":"closed","ping_status":"closed","template":"page-sidebar.php","meta":{"footnotes":""},"class_list":["post-3694","page","type-page","status-publish","hentry"],"_links":{"self":[{"href":"https:\/\/polititzacionsdelmalestar.org\/es\/wp-json\/wp\/v2\/pages\/3694","targetHints":{"allow":["GET"]}}],"collection":[{"href":"https:\/\/polititzacionsdelmalestar.org\/es\/wp-json\/wp\/v2\/pages"}],"about":[{"href":"https:\/\/polititzacionsdelmalestar.org\/es\/wp-json\/wp\/v2\/types\/page"}],"author":[{"embeddable":true,"href":"https:\/\/polititzacionsdelmalestar.org\/es\/wp-json\/wp\/v2\/users\/6"}],"replies":[{"embeddable":true,"href":"https:\/\/polititzacionsdelmalestar.org\/es\/wp-json\/wp\/v2\/comments?post=3694"}],"version-history":[{"count":11,"href":"https:\/\/polititzacionsdelmalestar.org\/es\/wp-json\/wp\/v2\/pages\/3694\/revisions"}],"predecessor-version":[{"id":7324,"href":"https:\/\/polititzacionsdelmalestar.org\/es\/wp-json\/wp\/v2\/pages\/3694\/revisions\/7324"}],"up":[{"embeddable":true,"href":"https:\/\/polititzacionsdelmalestar.org\/es\/wp-json\/wp\/v2\/pages\/3408"}],"wp:attachment":[{"href":"https:\/\/polititzacionsdelmalestar.org\/es\/wp-json\/wp\/v2\/media?parent=3694"}],"curies":[{"name":"wp","href":"https:\/\/api.w.org\/{rel}","templated":true}]}}