


{"id":3508,"date":"2017-12-26T11:54:28","date_gmt":"2017-12-26T11:54:28","guid":{"rendered":"https:\/\/polititzacionsdelmalestar.org\/activitats\/expo-polititzacions-del-malestar\/?lang=es"},"modified":"2025-01-08T14:39:57","modified_gmt":"2025-01-08T14:39:57","slug":"expo-polititzacions-del-malestar","status":"publish","type":"page","link":"https:\/\/polititzacionsdelmalestar.org\/es\/activitats\/expo-polititzacions-del-malestar\/","title":{"rendered":"Politizaciones del malestar"},"content":{"rendered":"<div id=\"pl-3508\"  class=\"panel-layout\" ><div id=\"pg-3508-0\"  class=\"panel-grid panel-no-style\" ><div id=\"pgc-3508-0-0\"  class=\"panel-grid-cell\" ><div id=\"panel-3508-0-0-0\" class=\"so-panel widget widget_sow-editor panel-first-child panel-last-child\" data-index=\"0\" ><div\n\t\t\t\n\t\t\tclass=\"so-widget-sow-editor so-widget-sow-editor-base\"\n\t\t\t\n\t\t><h3 class=\"widget-title\">Exposici\u00f3n<\/h3>\n<div class=\"siteorigin-widget-tinymce textwidget\">\n\t<p><strong>Politizaciones del malestar:\u00a0Procesos creativos y experiencias compartidas<\/strong><\/p>\n<p>Politizaciones del malestar parte de la voluntad de profundizar en otras maneras de gestionar el malestar desde los procesos creativos configurando un itinerario articulado por varias experiencias art\u00edsticas que perfilan el malestar a partir de su dimensi\u00f3n pol\u00edtica, colectiva, y volviendo a la sociedad el que invisibiliza. En la sociedad actual, el malestar se trata, principalmente, desde la psiquiatr\u00eda y la psicolog\u00eda conductista, que aumentan la medicalizaci\u00f3n de las desazones y propician una gesti\u00f3n pasiva. Ante esta progresiva alienaci\u00f3n, que se articula desde las instituciones hegem\u00f3nicas, el arte se puede transformar en una v\u00eda para buscar otras maneras de relacionarse con la inquietud, para asumir un rol activo y responsable hacia la propia realidad.<\/p>\n<p>Estos procesos creativos para gestionar el malestar, trabajados mediante una dimensi\u00f3n individual y colectiva, participativa y pol\u00edtica, muestran como el arte es un instrumento para canalizar los conflictos. La relaci\u00f3n entre el que es \u00edntimo y el que es p\u00fablico, vinculado al germen \u00abel que es personal es pol\u00edtico\u00bb y a \u00abla \u00e9tica de la atenci\u00f3n\u00bb, conecta con la creaci\u00f3n \u00abotras maneras\u00bb de gestionar y politizar el malestar desde la creaci\u00f3n y potenciar as\u00ed un pensamiento cr\u00edtico.<\/p>\n<p>Esta muestra propone una aproximaci\u00f3n a varios proyectos y acciones que ya se han llevado a cabo de los artistas <a href=\"https:\/\/polititzacionsdelmalestar.org\/2018\/01\/23\/francesc-abad\/?lang=es\">Francesc Abad<\/a>, <a href=\"https:\/\/polititzacionsdelmalestar.org\/2018\/01\/09\/nora-arcarola\/?lang=es\">Nora Ancarola<\/a> y <a href=\"https:\/\/polititzacionsdelmalestar.org\/2018\/01\/09\/marga-ximenez\/?lang=es\">Marga Ximenez<\/a>, <a href=\"https:\/\/polititzacionsdelmalestar.org\/2018\/01\/23\/pep-dardanya\/?lang=es\">Pep Dardany\u00e0<\/a>, <a href=\"https:\/\/polititzacionsdelmalestar.org\/2018\/01\/23\/domenec\/?lang=es\">Dom\u00e8nec<\/a>, <a href=\"https:\/\/polititzacionsdelmalestar.org\/2018\/01\/23\/nuria-guell\/?lang=es\">N\u00faria G\u00fcell<\/a>, <a href=\"https:\/\/polititzacionsdelmalestar.org\/2018\/01\/23\/josep-maria-martin\/?lang=es\">Josep-Maria Mart\u00edn<\/a>, <a href=\"https:\/\/polititzacionsdelmalestar.org\/2018\/01\/24\/pilar-millan\/?lang=es\">Pilar Mill\u00e1n<\/a>, <a href=\"https:\/\/polititzacionsdelmalestar.org\/2018\/01\/23\/matilde-obradors\/?lang=es\">Matilde Obradors<\/a>, <a href=\"https:\/\/polititzacionsdelmalestar.org\/2018\/01\/23\/carlos-pina\/?lang=es\">Carlos Pina<\/a>, <a href=\"https:\/\/polititzacionsdelmalestar.org\/2018\/01\/23\/maria-ruido\/?lang=es\">Mar\u00eda Ruido<\/a> y <a href=\"https:\/\/polititzacionsdelmalestar.org\/2018\/01\/09\/eulalia-valldosera\/?lang=es\">Eul\u00e0lia Valldosera<\/a> para exponer y compartir la gesti\u00f3n del desasosiego, de la vulnerabilidad, desde varios prismas. En todos estos proyectos son esenciales el proceso, el compromiso y una dimensi\u00f3n colaborativa.<\/p>\n<p>Las propuestas de <a href=\"https:\/\/polititzacionsdelmalestar.org\/2018\/01\/24\/rufino-mesa\/?lang=es\">Rufino Mesa<\/a>, <a href=\"https:\/\/polititzacionsdelmalestar.org\/2018\/01\/24\/virginia-garcia-del-pino\/?lang=es\">Virginia Garc\u00eda del Pino<\/a> y del <a href=\"https:\/\/polititzacionsdelmalestar.org\/2018\/01\/23\/enmedio-colectivo\/?lang=es\">Colectivo Enmedio<\/a> han sido producidos por Arts Santa M\u00f2nica en el marco del proyecte Politizaciones del malestar. Politizaciones del malestar es un proyecto expositivo creado y coordinado por <a href=\"https:\/\/polititzacionsdelmalestar.org\/qui-som\/?lang=es\">Nora Ancarola<\/a>, <a href=\"https:\/\/polititzacionsdelmalestar.org\/qui-som\/?lang=es\">Daniel Gasol<\/a> y <a href=\"https:\/\/polititzacionsdelmalestar.org\/qui-som\/?lang=es\">Laia Manonelles Moner<\/a>.<\/p>\n<div class=\"kad-spacer clearfix\" style=\"height:10px\"><\/div>\n<p><a id=\"69f0ca6308930\" rel=\"wp-video-lightbox\" href=\"https:\/\/www.youtube.com\/watch?v=q_kKx_dsEdg&#038;width=800&#038;height=600\" title=\"\"><img decoding=\"async\" src=\"https:\/\/polititzacionsdelmalestar.org\/wp-content\/uploads\/2017\/12\/expo1.jpg\" class=\"video_lightbox_anchor_image\" alt=\"Performance inaugural de Josep-Maria Mart\u00edn\" \/><\/a>    <script>\r\n    \/* <![CDATA[ *\/\r\n    jQuery(document).ready(function($){\r\n        $(function(){\r\n            var width = $(window).innerWidth();\r\n            var setwidth = parseFloat(800);\r\n            var ratio = parseFloat(0.75);\r\n            var height = parseFloat(600);\r\n            var link = 'https:\/\/www.youtube.com\/watch?v=q_kKx_dsEdg&amp;width=800&amp;height=600';\r\n            if(width < setwidth)\r\n            {\r\n                height = Math.floor(width * 0.75);\r\n                \/\/console.log(\"device width \"+width+\", set width \"+800+\", ratio \"+0.75+\", new height \"+ height);\r\n                var new_url = wpvl_paramReplace('width', link, width);\r\n                var new_url = wpvl_paramReplace('height', new_url, height);\r\n                $(\"a#69f0ca6308930\").attr('href', new_url);\r\n                \/\/console.log(new_url);\r\n            }\r\n        });\r\n    });\r\n    \/* ]]> *\/\r\n    <\/script><br \/> <div class=\"kad-spacer clearfix\" style=\"height:5px\"><\/div><\/p>\n<p><i>Performance inaugural de Josep-Maria Mart\u00edn<\/i><\/p>\n<div class=\"kad-spacer clearfix\" style=\"height:10px\"><\/div>\n<a id=\"69f0ca63089aa\" rel=\"wp-video-lightbox\" href=\"https:\/\/www.youtube.com\/watch?v=EQKvh7qMRrg&#038;width=800&#038;height=600\" title=\"\"><img decoding=\"async\" src=\"https:\/\/polititzacionsdelmalestar.org\/wp-content\/uploads\/2017\/12\/expo3.jpg\" class=\"video_lightbox_anchor_image\" alt=\"Expo Polititzacions del malestar\" \/><\/a>    <script>\r\n    \/* <![CDATA[ *\/\r\n    jQuery(document).ready(function($){\r\n        $(function(){\r\n            var width = $(window).innerWidth();\r\n            var setwidth = parseFloat(800);\r\n            var ratio = parseFloat(0.75);\r\n            var height = parseFloat(600);\r\n            var link = 'https:\/\/www.youtube.com\/watch?v=EQKvh7qMRrg&amp;width=800&amp;height=600';\r\n            if(width < setwidth)\r\n            {\r\n                height = Math.floor(width * 0.75);\r\n                \/\/console.log(\"device width \"+width+\", set width \"+800+\", ratio \"+0.75+\", new height \"+ height);\r\n                var new_url = wpvl_paramReplace('width', link, width);\r\n                var new_url = wpvl_paramReplace('height', new_url, height);\r\n                $(\"a#69f0ca63089aa\").attr('href', new_url);\r\n                \/\/console.log(new_url);\r\n            }\r\n        });\r\n    });\r\n    \/* ]]> *\/\r\n    <\/script>\n<div class=\"kad-spacer clearfix\" style=\"height:5px\"><\/div>\n<p><i>Reportaje de la exposici\u00f3n Polititzacions del malestar<\/i><\/p>\n<div class=\"kad-spacer clearfix\" style=\"height:5px\"><\/div>\n<h4>Exposici\u00f3n<\/h4>\n<p><strong>Coordinaci\u00f3n exposici\u00f3n<\/strong><br \/> Roger Vinent<br \/> <strong><br \/> Direcci\u00f3n<\/strong><strong>\u00a0de montaje<\/strong><br \/> Xavier Roca<br \/> <strong><br \/> Audiovisuales<\/strong><br \/> Jokin Buesa<br \/> <strong><br \/> Dise\u00f1o gr\u00e1fico<\/strong><br \/> SVB - Rosa \u00c1lvarez<\/p>\n<p><strong>Agradecimientos<\/strong><br \/>A Jaume Reus por el apoyo al proyecto desde sus inicios. A Carme Sais, Andreu Dengra, Joana Rueda, Merc\u00e8 Pomer y Albert Macaya, por la colaboraci\u00f3n facilitando espacios para el desarrollo y la producci\u00f3n de las obras. A los artistas participantes por su confianza. Al Instituto de Alella y su directora Lina Rubio Escuder. A Ulla Blanca Lima, Xavi Sert y Let\u00edcia Rodr\u00edguez por su colaboraci\u00f3n en el proyecto educativo. Al MACBA por la aportaci\u00f3n de la obra de Francesc Abad.<\/p>\n<p><strong>Con la colaboraci\u00f3n de<\/strong><br \/> <a href=\"http:\/\/www.bolit.cat\/cat\/index.html\" target=\"_blank\" rel=\"noopener\">B\u00f2lit<\/a><br \/> <a href=\"https:\/\/centredartmaristany.wordpress.com\/\" target=\"_blank\" rel=\"noopener\">Centre Maristany<\/a><br \/> <a href=\"http:\/\/www.alella.cat\/canmanye\" target=\"_blank\" rel=\"noopener\">Can Many\u00e9<\/a><br \/> <a href=\"http:\/\/www.urv.cat\/ca\/\" target=\"_blank\" rel=\"noopener\">Universitat Rovira Virgili<\/a><br \/> <a href=\"https:\/\/artyarqdigital.wordpress.com\/\" target=\"_blank\" rel=\"noopener\">Grup d\u2019investigaci\u00f3 Art, Arquitectura i Societat Digital<\/a> (Universitat de Barcelona).<\/p>\n<\/div>\n<\/div><\/div><\/div><div id=\"pgc-3508-0-1\"  class=\"panel-grid-cell\" ><div id=\"panel-3508-0-1-0\" class=\"so-panel widget widget_virtue_gallery_widget virtue_gallery_widget panel-first-child panel-last-child\" data-index=\"1\" ><div id=\"kad-wp-gallery354\" class=\"kad-wp-gallery gallery kt-gallery-column-1 init-isotope-intrinsic reinit-isotope kad-light-wp-gallery clearfix rowtight\" data-fade-in=\"1\" data-iso-selector=\".g_item\" data-iso-style=\"masonry\" data-iso-filter=\"false\"><div class=\"tcol-lg-12 tcol-md-12 tcol-sm-12 tcol-xs-12 tcol-ss-12 g_item\"><div class=\"grid_item kt_item_fade_in kad_gallery_fade_in gallery_item\"><a href=\"https:\/\/polititzacionsdelmalestar.org\/wp-content\/uploads\/2018\/01\/01-5.jpg\" data-rel=\"lightbox\" class=\"lightboxhover\"><div class=\"kt-intrinsic\" style=\"padding-bottom:66.625%;\"><div itemprop=\"image\" itemscope itemtype=\"https:\/\/schema.org\/ImageObject\"><img loading=\"lazy\" decoding=\"async\" width=\"800\" height=\"533\" src=\"https:\/\/polititzacionsdelmalestar.org\/wp-content\/uploads\/2018\/01\/01-5.jpg\" srcset=\"https:\/\/polititzacionsdelmalestar.org\/wp-content\/uploads\/2018\/01\/01-5.jpg 800w, https:\/\/polititzacionsdelmalestar.org\/wp-content\/uploads\/2018\/01\/01-5-300x200.jpg 300w, https:\/\/polititzacionsdelmalestar.org\/wp-content\/uploads\/2018\/01\/01-5-768x512.jpg 768w, https:\/\/polititzacionsdelmalestar.org\/wp-content\/uploads\/2018\/01\/01-5-272x182.jpg 272w\" sizes=\"auto, (max-width: 800px) 100vw, 800px\" data-caption=\"Exposici\u00f3 \u00b7 Arts Santa M\u00f2nica\" class=\"light-dropshaddow\" itemprop=\"contentUrl\" alt=\"\"><meta itemprop=\"url\" content=\"https:\/\/polititzacionsdelmalestar.org\/wp-content\/uploads\/2018\/01\/01-5.jpg\"><meta itemprop=\"width\" content=\"800px\"><meta itemprop=\"height\" content=\"533px\"><\/div><\/div><div class=\"caption kad_caption\"><div class=\"kad_caption_inner\">Exposici\u00f3 \u00b7 Arts Santa M\u00f2nica<\/div><\/div><\/a><\/div><\/div><div class=\"tcol-lg-12 tcol-md-12 tcol-sm-12 tcol-xs-12 tcol-ss-12 g_item\"><div class=\"grid_item kt_item_fade_in kad_gallery_fade_in gallery_item\"><a href=\"https:\/\/polititzacionsdelmalestar.org\/wp-content\/uploads\/2018\/01\/02-3.jpg\" data-rel=\"lightbox\" class=\"lightboxhover\"><div class=\"kt-intrinsic\" style=\"padding-bottom:66.625%;\"><div itemprop=\"image\" itemscope itemtype=\"https:\/\/schema.org\/ImageObject\"><img loading=\"lazy\" decoding=\"async\" width=\"800\" height=\"533\" src=\"https:\/\/polititzacionsdelmalestar.org\/wp-content\/uploads\/2018\/01\/02-3.jpg\" srcset=\"https:\/\/polititzacionsdelmalestar.org\/wp-content\/uploads\/2018\/01\/02-3.jpg 800w, https:\/\/polititzacionsdelmalestar.org\/wp-content\/uploads\/2018\/01\/02-3-300x200.jpg 300w, https:\/\/polititzacionsdelmalestar.org\/wp-content\/uploads\/2018\/01\/02-3-768x512.jpg 768w, https:\/\/polititzacionsdelmalestar.org\/wp-content\/uploads\/2018\/01\/02-3-272x182.jpg 272w\" sizes=\"auto, (max-width: 800px) 100vw, 800px\" data-caption=\"Exposici\u00f3 \u00b7 Arts Santa M\u00f2nica\" class=\"light-dropshaddow\" itemprop=\"contentUrl\" alt=\"\"><meta itemprop=\"url\" content=\"https:\/\/polititzacionsdelmalestar.org\/wp-content\/uploads\/2018\/01\/02-3.jpg\"><meta itemprop=\"width\" content=\"800px\"><meta itemprop=\"height\" content=\"533px\"><\/div><\/div><div class=\"caption kad_caption\"><div class=\"kad_caption_inner\">Exposici\u00f3 \u00b7 Arts Santa M\u00f2nica<\/div><\/div><\/a><\/div><\/div><div class=\"tcol-lg-12 tcol-md-12 tcol-sm-12 tcol-xs-12 tcol-ss-12 g_item\"><div class=\"grid_item kt_item_fade_in kad_gallery_fade_in gallery_item\"><a href=\"https:\/\/polititzacionsdelmalestar.org\/wp-content\/uploads\/2018\/01\/03-3.jpg\" data-rel=\"lightbox\" class=\"lightboxhover\"><div class=\"kt-intrinsic\" style=\"padding-bottom:66.625%;\"><div itemprop=\"image\" itemscope itemtype=\"https:\/\/schema.org\/ImageObject\"><img loading=\"lazy\" decoding=\"async\" width=\"800\" height=\"533\" src=\"https:\/\/polititzacionsdelmalestar.org\/wp-content\/uploads\/2018\/01\/03-3.jpg\" srcset=\"https:\/\/polititzacionsdelmalestar.org\/wp-content\/uploads\/2018\/01\/03-3.jpg 800w, https:\/\/polititzacionsdelmalestar.org\/wp-content\/uploads\/2018\/01\/03-3-300x200.jpg 300w, https:\/\/polititzacionsdelmalestar.org\/wp-content\/uploads\/2018\/01\/03-3-768x512.jpg 768w, https:\/\/polititzacionsdelmalestar.org\/wp-content\/uploads\/2018\/01\/03-3-272x182.jpg 272w\" sizes=\"auto, (max-width: 800px) 100vw, 800px\" data-caption=\"Exposici\u00f3 \u00b7 Arts Santa M\u00f2nica\" class=\"light-dropshaddow\" itemprop=\"contentUrl\" alt=\"\"><meta itemprop=\"url\" content=\"https:\/\/polititzacionsdelmalestar.org\/wp-content\/uploads\/2018\/01\/03-3.jpg\"><meta itemprop=\"width\" content=\"800px\"><meta itemprop=\"height\" content=\"533px\"><\/div><\/div><div class=\"caption kad_caption\"><div class=\"kad_caption_inner\">Exposici\u00f3 \u00b7 Arts Santa M\u00f2nica<\/div><\/div><\/a><\/div><\/div><div class=\"tcol-lg-12 tcol-md-12 tcol-sm-12 tcol-xs-12 tcol-ss-12 g_item\"><div class=\"grid_item kt_item_fade_in kad_gallery_fade_in gallery_item\"><a href=\"https:\/\/polititzacionsdelmalestar.org\/wp-content\/uploads\/2018\/01\/05-2.jpg\" data-rel=\"lightbox\" class=\"lightboxhover\"><div class=\"kt-intrinsic\" style=\"padding-bottom:66.625%;\"><div itemprop=\"image\" itemscope itemtype=\"https:\/\/schema.org\/ImageObject\"><img loading=\"lazy\" decoding=\"async\" width=\"800\" height=\"533\" src=\"https:\/\/polititzacionsdelmalestar.org\/wp-content\/uploads\/2018\/01\/05-2.jpg\" srcset=\"https:\/\/polititzacionsdelmalestar.org\/wp-content\/uploads\/2018\/01\/05-2.jpg 800w, https:\/\/polititzacionsdelmalestar.org\/wp-content\/uploads\/2018\/01\/05-2-300x200.jpg 300w, https:\/\/polititzacionsdelmalestar.org\/wp-content\/uploads\/2018\/01\/05-2-768x512.jpg 768w, https:\/\/polititzacionsdelmalestar.org\/wp-content\/uploads\/2018\/01\/05-2-272x182.jpg 272w\" sizes=\"auto, (max-width: 800px) 100vw, 800px\" data-caption=\"Exposici\u00f3 \u00b7 Arts Santa M\u00f2nica\" class=\"light-dropshaddow\" itemprop=\"contentUrl\" alt=\"\"><meta itemprop=\"url\" content=\"https:\/\/polititzacionsdelmalestar.org\/wp-content\/uploads\/2018\/01\/05-2.jpg\"><meta itemprop=\"width\" content=\"800px\"><meta itemprop=\"height\" content=\"533px\"><\/div><\/div><div class=\"caption kad_caption\"><div class=\"kad_caption_inner\">Exposici\u00f3 \u00b7 Arts Santa M\u00f2nica<\/div><\/div><\/a><\/div><\/div><div class=\"tcol-lg-12 tcol-md-12 tcol-sm-12 tcol-xs-12 tcol-ss-12 g_item\"><div class=\"grid_item kt_item_fade_in kad_gallery_fade_in gallery_item\"><a href=\"https:\/\/polititzacionsdelmalestar.org\/wp-content\/uploads\/2018\/01\/06-1.jpg\" data-rel=\"lightbox\" class=\"lightboxhover\"><div class=\"kt-intrinsic\" style=\"padding-bottom:66.625%;\"><div itemprop=\"image\" itemscope itemtype=\"https:\/\/schema.org\/ImageObject\"><img loading=\"lazy\" decoding=\"async\" width=\"800\" height=\"533\" src=\"https:\/\/polititzacionsdelmalestar.org\/wp-content\/uploads\/2018\/01\/06-1.jpg\" srcset=\"https:\/\/polititzacionsdelmalestar.org\/wp-content\/uploads\/2018\/01\/06-1.jpg 800w, https:\/\/polititzacionsdelmalestar.org\/wp-content\/uploads\/2018\/01\/06-1-300x200.jpg 300w, https:\/\/polititzacionsdelmalestar.org\/wp-content\/uploads\/2018\/01\/06-1-768x512.jpg 768w, https:\/\/polititzacionsdelmalestar.org\/wp-content\/uploads\/2018\/01\/06-1-272x182.jpg 272w\" sizes=\"auto, (max-width: 800px) 100vw, 800px\" data-caption=\"Exposici\u00f3 \u00b7 Arts Santa M\u00f2nica\" class=\"light-dropshaddow\" itemprop=\"contentUrl\" alt=\"\"><meta itemprop=\"url\" content=\"https:\/\/polititzacionsdelmalestar.org\/wp-content\/uploads\/2018\/01\/06-1.jpg\"><meta itemprop=\"width\" content=\"800px\"><meta itemprop=\"height\" content=\"533px\"><\/div><\/div><div class=\"caption kad_caption\"><div class=\"kad_caption_inner\">Exposici\u00f3 \u00b7 Arts Santa M\u00f2nica<\/div><\/div><\/a><\/div><\/div><div class=\"tcol-lg-12 tcol-md-12 tcol-sm-12 tcol-xs-12 tcol-ss-12 g_item\"><div class=\"grid_item kt_item_fade_in kad_gallery_fade_in gallery_item\"><a href=\"https:\/\/polititzacionsdelmalestar.org\/wp-content\/uploads\/2018\/01\/07-1.jpg\" data-rel=\"lightbox\" class=\"lightboxhover\"><div class=\"kt-intrinsic\" style=\"padding-bottom:66.625%;\"><div itemprop=\"image\" itemscope itemtype=\"https:\/\/schema.org\/ImageObject\"><img loading=\"lazy\" decoding=\"async\" width=\"800\" height=\"533\" src=\"https:\/\/polititzacionsdelmalestar.org\/wp-content\/uploads\/2018\/01\/07-1.jpg\" srcset=\"https:\/\/polititzacionsdelmalestar.org\/wp-content\/uploads\/2018\/01\/07-1.jpg 800w, https:\/\/polititzacionsdelmalestar.org\/wp-content\/uploads\/2018\/01\/07-1-300x200.jpg 300w, https:\/\/polititzacionsdelmalestar.org\/wp-content\/uploads\/2018\/01\/07-1-768x512.jpg 768w, https:\/\/polititzacionsdelmalestar.org\/wp-content\/uploads\/2018\/01\/07-1-272x182.jpg 272w\" sizes=\"auto, (max-width: 800px) 100vw, 800px\" data-caption=\"Exposici\u00f3 \u00b7 Arts Santa M\u00f2nica\" class=\"light-dropshaddow\" itemprop=\"contentUrl\" alt=\"\"><meta itemprop=\"url\" content=\"https:\/\/polititzacionsdelmalestar.org\/wp-content\/uploads\/2018\/01\/07-1.jpg\"><meta itemprop=\"width\" content=\"800px\"><meta itemprop=\"height\" content=\"533px\"><\/div><\/div><div class=\"caption kad_caption\"><div class=\"kad_caption_inner\">Exposici\u00f3 \u00b7 Arts Santa M\u00f2nica<\/div><\/div><\/a><\/div><\/div><div class=\"tcol-lg-12 tcol-md-12 tcol-sm-12 tcol-xs-12 tcol-ss-12 g_item\"><div class=\"grid_item kt_item_fade_in kad_gallery_fade_in gallery_item\"><a href=\"https:\/\/polititzacionsdelmalestar.org\/wp-content\/uploads\/2018\/01\/08.jpg\" data-rel=\"lightbox\" class=\"lightboxhover\"><div class=\"kt-intrinsic\" style=\"padding-bottom:66.625%;\"><div itemprop=\"image\" itemscope itemtype=\"https:\/\/schema.org\/ImageObject\"><img loading=\"lazy\" decoding=\"async\" width=\"800\" height=\"533\" src=\"https:\/\/polititzacionsdelmalestar.org\/wp-content\/uploads\/2018\/01\/08.jpg\" srcset=\"https:\/\/polititzacionsdelmalestar.org\/wp-content\/uploads\/2018\/01\/08.jpg 800w, https:\/\/polititzacionsdelmalestar.org\/wp-content\/uploads\/2018\/01\/08-300x200.jpg 300w, https:\/\/polititzacionsdelmalestar.org\/wp-content\/uploads\/2018\/01\/08-768x512.jpg 768w, https:\/\/polititzacionsdelmalestar.org\/wp-content\/uploads\/2018\/01\/08-272x182.jpg 272w\" sizes=\"auto, (max-width: 800px) 100vw, 800px\" data-caption=\"Exposici\u00f3 \u00b7 Arts Santa M\u00f2nica\" class=\"light-dropshaddow\" itemprop=\"contentUrl\" alt=\"\"><meta itemprop=\"url\" content=\"https:\/\/polititzacionsdelmalestar.org\/wp-content\/uploads\/2018\/01\/08.jpg\"><meta itemprop=\"width\" content=\"800px\"><meta itemprop=\"height\" content=\"533px\"><\/div><\/div><div class=\"caption kad_caption\"><div class=\"kad_caption_inner\">Exposici\u00f3 \u00b7 Arts Santa M\u00f2nica<\/div><\/div><\/a><\/div><\/div><div class=\"tcol-lg-12 tcol-md-12 tcol-sm-12 tcol-xs-12 tcol-ss-12 g_item\"><div class=\"grid_item kt_item_fade_in kad_gallery_fade_in gallery_item\"><a href=\"https:\/\/polititzacionsdelmalestar.org\/wp-content\/uploads\/2018\/01\/09.jpg\" data-rel=\"lightbox\" class=\"lightboxhover\"><div class=\"kt-intrinsic\" style=\"padding-bottom:66.625%;\"><div itemprop=\"image\" itemscope itemtype=\"https:\/\/schema.org\/ImageObject\"><img loading=\"lazy\" decoding=\"async\" width=\"800\" height=\"533\" src=\"https:\/\/polititzacionsdelmalestar.org\/wp-content\/uploads\/2018\/01\/09.jpg\" srcset=\"https:\/\/polititzacionsdelmalestar.org\/wp-content\/uploads\/2018\/01\/09.jpg 800w, https:\/\/polititzacionsdelmalestar.org\/wp-content\/uploads\/2018\/01\/09-300x200.jpg 300w, https:\/\/polititzacionsdelmalestar.org\/wp-content\/uploads\/2018\/01\/09-768x512.jpg 768w, https:\/\/polititzacionsdelmalestar.org\/wp-content\/uploads\/2018\/01\/09-272x182.jpg 272w\" sizes=\"auto, (max-width: 800px) 100vw, 800px\" data-caption=\"Exposici\u00f3 \u00b7 Arts Santa M\u00f2nica\" class=\"light-dropshaddow\" itemprop=\"contentUrl\" alt=\"\"><meta itemprop=\"url\" content=\"https:\/\/polititzacionsdelmalestar.org\/wp-content\/uploads\/2018\/01\/09.jpg\"><meta itemprop=\"width\" content=\"800px\"><meta itemprop=\"height\" content=\"533px\"><\/div><\/div><div class=\"caption kad_caption\"><div class=\"kad_caption_inner\">Exposici\u00f3 \u00b7 Arts Santa M\u00f2nica<\/div><\/div><\/a><\/div><\/div><div class=\"tcol-lg-12 tcol-md-12 tcol-sm-12 tcol-xs-12 tcol-ss-12 g_item\"><div class=\"grid_item kt_item_fade_in kad_gallery_fade_in gallery_item\"><a href=\"https:\/\/polititzacionsdelmalestar.org\/wp-content\/uploads\/2018\/01\/10.jpg\" data-rel=\"lightbox\" class=\"lightboxhover\"><div class=\"kt-intrinsic\" style=\"padding-bottom:66.625%;\"><div itemprop=\"image\" itemscope itemtype=\"https:\/\/schema.org\/ImageObject\"><img loading=\"lazy\" decoding=\"async\" width=\"800\" height=\"533\" src=\"https:\/\/polititzacionsdelmalestar.org\/wp-content\/uploads\/2018\/01\/10.jpg\" srcset=\"https:\/\/polititzacionsdelmalestar.org\/wp-content\/uploads\/2018\/01\/10.jpg 800w, https:\/\/polititzacionsdelmalestar.org\/wp-content\/uploads\/2018\/01\/10-300x200.jpg 300w, https:\/\/polititzacionsdelmalestar.org\/wp-content\/uploads\/2018\/01\/10-768x512.jpg 768w, https:\/\/polititzacionsdelmalestar.org\/wp-content\/uploads\/2018\/01\/10-272x182.jpg 272w\" sizes=\"auto, (max-width: 800px) 100vw, 800px\" data-caption=\"Exposici\u00f3 \u00b7 Arts Santa M\u00f2nica\" class=\"light-dropshaddow\" itemprop=\"contentUrl\" alt=\"\"><meta itemprop=\"url\" content=\"https:\/\/polititzacionsdelmalestar.org\/wp-content\/uploads\/2018\/01\/10.jpg\"><meta itemprop=\"width\" content=\"800px\"><meta itemprop=\"height\" content=\"533px\"><\/div><\/div><div class=\"caption kad_caption\"><div class=\"kad_caption_inner\">Exposici\u00f3 \u00b7 Arts Santa M\u00f2nica<\/div><\/div><\/a><\/div><\/div><div class=\"tcol-lg-12 tcol-md-12 tcol-sm-12 tcol-xs-12 tcol-ss-12 g_item\"><div class=\"grid_item kt_item_fade_in kad_gallery_fade_in gallery_item\"><a href=\"https:\/\/polititzacionsdelmalestar.org\/wp-content\/uploads\/2018\/01\/11.jpg\" data-rel=\"lightbox\" class=\"lightboxhover\"><div class=\"kt-intrinsic\" style=\"padding-bottom:66.625%;\"><div itemprop=\"image\" itemscope itemtype=\"https:\/\/schema.org\/ImageObject\"><img loading=\"lazy\" decoding=\"async\" width=\"800\" height=\"533\" src=\"https:\/\/polititzacionsdelmalestar.org\/wp-content\/uploads\/2018\/01\/11.jpg\" srcset=\"https:\/\/polititzacionsdelmalestar.org\/wp-content\/uploads\/2018\/01\/11.jpg 800w, https:\/\/polititzacionsdelmalestar.org\/wp-content\/uploads\/2018\/01\/11-300x200.jpg 300w, https:\/\/polititzacionsdelmalestar.org\/wp-content\/uploads\/2018\/01\/11-768x512.jpg 768w, https:\/\/polititzacionsdelmalestar.org\/wp-content\/uploads\/2018\/01\/11-272x182.jpg 272w\" sizes=\"auto, (max-width: 800px) 100vw, 800px\" data-caption=\"Exposici\u00f3 \u00b7 Arts Santa M\u00f2nica\" class=\"light-dropshaddow\" itemprop=\"contentUrl\" alt=\"\"><meta itemprop=\"url\" content=\"https:\/\/polititzacionsdelmalestar.org\/wp-content\/uploads\/2018\/01\/11.jpg\"><meta itemprop=\"width\" content=\"800px\"><meta itemprop=\"height\" content=\"533px\"><\/div><\/div><div class=\"caption kad_caption\"><div class=\"kad_caption_inner\">Exposici\u00f3 \u00b7 Arts Santa M\u00f2nica<\/div><\/div><\/a><\/div><\/div><div class=\"tcol-lg-12 tcol-md-12 tcol-sm-12 tcol-xs-12 tcol-ss-12 g_item\"><div class=\"grid_item kt_item_fade_in kad_gallery_fade_in gallery_item\"><a href=\"https:\/\/polititzacionsdelmalestar.org\/wp-content\/uploads\/2018\/01\/04-3.jpg\" data-rel=\"lightbox\" class=\"lightboxhover\"><div class=\"kt-intrinsic\" style=\"padding-bottom:66.625%;\"><div itemprop=\"image\" itemscope itemtype=\"https:\/\/schema.org\/ImageObject\"><img loading=\"lazy\" decoding=\"async\" width=\"800\" height=\"533\" src=\"https:\/\/polititzacionsdelmalestar.org\/wp-content\/uploads\/2018\/01\/04-3.jpg\" srcset=\"https:\/\/polititzacionsdelmalestar.org\/wp-content\/uploads\/2018\/01\/04-3.jpg 800w, https:\/\/polititzacionsdelmalestar.org\/wp-content\/uploads\/2018\/01\/04-3-300x200.jpg 300w, https:\/\/polititzacionsdelmalestar.org\/wp-content\/uploads\/2018\/01\/04-3-768x512.jpg 768w, https:\/\/polititzacionsdelmalestar.org\/wp-content\/uploads\/2018\/01\/04-3-272x182.jpg 272w\" sizes=\"auto, (max-width: 800px) 100vw, 800px\" data-caption=\"Exposici\u00f3 \u00b7 Arts Santa M\u00f2nica\" class=\"light-dropshaddow\" itemprop=\"contentUrl\" alt=\"\"><meta itemprop=\"url\" content=\"https:\/\/polititzacionsdelmalestar.org\/wp-content\/uploads\/2018\/01\/04-3.jpg\"><meta itemprop=\"width\" content=\"800px\"><meta itemprop=\"height\" content=\"533px\"><\/div><\/div><div class=\"caption kad_caption\"><div class=\"kad_caption_inner\">Exposici\u00f3 \u00b7 Arts Santa M\u00f2nica<\/div><\/div><\/a><\/div><\/div><\/div><\/div><\/div><\/div><\/div>","protected":false},"excerpt":{"rendered":"<p>Politizaciones del malestar:\u00a0Procesos creativos y experiencias compartidas Politizaciones del malestar parte de la voluntad de profundizar en otras maneras de gestionar el malestar desde los procesos creativos configurando un itinerario articulado por varias experiencias art\u00edsticas que &hellip; <a class=\"kt-excerpt-readmore\" href=\"https:\/\/polititzacionsdelmalestar.org\/es\/activitats\/expo-polititzacions-del-malestar\/\" aria-label=\"Politizaciones del malestar\">Leer m&aacute;s<\/a><\/p>\n","protected":false},"author":6,"featured_media":0,"parent":3408,"menu_order":0,"comment_status":"closed","ping_status":"closed","template":"page-sidebar.php","meta":{"footnotes":""},"class_list":["post-3508","page","type-page","status-publish","hentry"],"_links":{"self":[{"href":"https:\/\/polititzacionsdelmalestar.org\/es\/wp-json\/wp\/v2\/pages\/3508","targetHints":{"allow":["GET"]}}],"collection":[{"href":"https:\/\/polititzacionsdelmalestar.org\/es\/wp-json\/wp\/v2\/pages"}],"about":[{"href":"https:\/\/polititzacionsdelmalestar.org\/es\/wp-json\/wp\/v2\/types\/page"}],"author":[{"embeddable":true,"href":"https:\/\/polititzacionsdelmalestar.org\/es\/wp-json\/wp\/v2\/users\/6"}],"replies":[{"embeddable":true,"href":"https:\/\/polititzacionsdelmalestar.org\/es\/wp-json\/wp\/v2\/comments?post=3508"}],"version-history":[{"count":12,"href":"https:\/\/polititzacionsdelmalestar.org\/es\/wp-json\/wp\/v2\/pages\/3508\/revisions"}],"predecessor-version":[{"id":11733,"href":"https:\/\/polititzacionsdelmalestar.org\/es\/wp-json\/wp\/v2\/pages\/3508\/revisions\/11733"}],"up":[{"embeddable":true,"href":"https:\/\/polititzacionsdelmalestar.org\/es\/wp-json\/wp\/v2\/pages\/3408"}],"wp:attachment":[{"href":"https:\/\/polititzacionsdelmalestar.org\/es\/wp-json\/wp\/v2\/media?parent=3508"}],"curies":[{"name":"wp","href":"https:\/\/api.w.org\/{rel}","templated":true}]}}