


{"id":3478,"date":"2018-01-22T16:38:11","date_gmt":"2018-01-22T16:38:11","guid":{"rendered":"https:\/\/polititzacionsdelmalestar.org\/activitats\/nuria-guell-joan-minguet\/?lang=es"},"modified":"2018-03-01T16:24:18","modified_gmt":"2018-03-01T16:24:18","slug":"nuria-guell-joan-minguet","status":"publish","type":"page","link":"https:\/\/polititzacionsdelmalestar.org\/es\/activitats\/nuria-guell-joan-minguet\/","title":{"rendered":"N\u00faria G\u00fcell y Joan  Maria Minguet"},"content":{"rendered":"<div id=\"pl-3478\"  class=\"panel-layout\" ><div id=\"pg-3478-0\"  class=\"panel-grid panel-no-style\" ><div id=\"pgc-3478-0-0\"  class=\"panel-grid-cell panel-grid-cell-mobile-last\" ><div id=\"panel-3478-0-0-0\" class=\"so-panel widget widget_sow-editor panel-first-child panel-last-child\" data-index=\"0\" ><div\n\t\t\t\n\t\t\tclass=\"so-widget-sow-editor so-widget-sow-editor-base\"\n\t\t\t\n\t\t><h3 class=\"widget-title\">Di\u00e1logo<\/h3>\n<div class=\"siteorigin-widget-tinymce textwidget\">\n\t<p><strong><a href=\"https:\/\/polititzacionsdelmalestar.org\/2018\/01\/23\/nuria-guell\/?lang=es\">N\u00faria G\u00fcell<\/a> y <a href=\"https:\/\/polititzacionsdelmalestar.org\/entrevistes\/?lang=es\">Joan Maria Minguet <\/a><\/strong><\/p>\n<p>Con estos di\u00e1logos se pretende una aproximaci\u00f3n a varias perspectivas para exponer y compartir la gesti\u00f3n del malestar, el desasosiego, de la vulnerabilidad, desde diferentes prismas. En este formato se pone en di\u00e1logo dos personas que comparten en un espacio com\u00fan su compromiso pol\u00edtico y creativo y su particular visi\u00f3n respecto al tema.<\/p>\n<div class=\"kad-spacer clearfix\" style=\"height:5px\"><\/div>\n<a id=\"69f0da2c29247\" rel=\"wp-video-lightbox\" href=\"https:\/\/www.youtube.com\/watch?v=xIpTI0sesHE&#038;width=800&#038;height=600\" title=\"\"><img decoding=\"async\" src=\"https:\/\/polititzacionsdelmalestar.org\/wp-content\/uploads\/2018\/01\/guell-minguet.jpg\" class=\"video_lightbox_anchor_image\" alt=\"Di\u00e1logos: N\u00faria G\u00fcell y Joan Minguet\" \/><\/a>    <script>\r\n    \/* <![CDATA[ *\/\r\n    jQuery(document).ready(function($){\r\n        $(function(){\r\n            var width = $(window).innerWidth();\r\n            var setwidth = parseFloat(800);\r\n            var ratio = parseFloat(0.75);\r\n            var height = parseFloat(600);\r\n            var link = 'https:\/\/www.youtube.com\/watch?v=xIpTI0sesHE&amp;width=800&amp;height=600';\r\n            if(width < setwidth)\r\n            {\r\n                height = Math.floor(width * 0.75);\r\n                \/\/console.log(\"device width \"+width+\", set width \"+800+\", ratio \"+0.75+\", new height \"+ height);\r\n                var new_url = wpvl_paramReplace('width', link, width);\r\n                var new_url = wpvl_paramReplace('height', new_url, height);\r\n                $(\"a#69f0da2c29247\").attr('href', new_url);\r\n                \/\/console.log(new_url);\r\n            }\r\n        });\r\n    });\r\n    \/* ]]> *\/\r\n    <\/script>\n<\/div>\n<\/div><\/div><\/div><div id=\"pgc-3478-0-1\"  class=\"panel-grid-cell panel-grid-cell-empty\" ><\/div><\/div><\/div>","protected":false},"excerpt":{"rendered":"<p>N\u00faria G\u00fcell y Joan Maria Minguet Con estos di\u00e1logos se pretende una aproximaci\u00f3n a varias perspectivas para exponer y compartir la gesti\u00f3n del malestar, el desasosiego, de la vulnerabilidad, desde diferentes prismas. En este formato se &hellip; <a class=\"kt-excerpt-readmore\" href=\"https:\/\/polititzacionsdelmalestar.org\/es\/activitats\/nuria-guell-joan-minguet\/\" aria-label=\"N\u00faria G\u00fcell y Joan  Maria Minguet\">Leer m&aacute;s<\/a><\/p>\n","protected":false},"author":6,"featured_media":0,"parent":3408,"menu_order":0,"comment_status":"closed","ping_status":"closed","template":"page-sidebar.php","meta":{"footnotes":""},"class_list":["post-3478","page","type-page","status-publish","hentry"],"_links":{"self":[{"href":"https:\/\/polititzacionsdelmalestar.org\/es\/wp-json\/wp\/v2\/pages\/3478","targetHints":{"allow":["GET"]}}],"collection":[{"href":"https:\/\/polititzacionsdelmalestar.org\/es\/wp-json\/wp\/v2\/pages"}],"about":[{"href":"https:\/\/polititzacionsdelmalestar.org\/es\/wp-json\/wp\/v2\/types\/page"}],"author":[{"embeddable":true,"href":"https:\/\/polititzacionsdelmalestar.org\/es\/wp-json\/wp\/v2\/users\/6"}],"replies":[{"embeddable":true,"href":"https:\/\/polititzacionsdelmalestar.org\/es\/wp-json\/wp\/v2\/comments?post=3478"}],"version-history":[{"count":9,"href":"https:\/\/polititzacionsdelmalestar.org\/es\/wp-json\/wp\/v2\/pages\/3478\/revisions"}],"predecessor-version":[{"id":9230,"href":"https:\/\/polititzacionsdelmalestar.org\/es\/wp-json\/wp\/v2\/pages\/3478\/revisions\/9230"}],"up":[{"embeddable":true,"href":"https:\/\/polititzacionsdelmalestar.org\/es\/wp-json\/wp\/v2\/pages\/3408"}],"wp:attachment":[{"href":"https:\/\/polititzacionsdelmalestar.org\/es\/wp-json\/wp\/v2\/media?parent=3478"}],"curies":[{"name":"wp","href":"https:\/\/api.w.org\/{rel}","templated":true}]}}