


{"id":11666,"date":"2025-01-08T14:00:38","date_gmt":"2025-01-08T14:00:38","guid":{"rendered":"https:\/\/polititzacionsdelmalestar.org\/jornadas-archivo-nuevo\/"},"modified":"2025-05-06T18:24:19","modified_gmt":"2025-05-06T18:24:19","slug":"jornadas-archivo","status":"publish","type":"page","link":"https:\/\/polititzacionsdelmalestar.org\/es\/jornadas-archivo\/","title":{"rendered":"Jornadas archivo"},"content":{"rendered":"<div id=\"pl-11666\"  class=\"panel-layout\" ><div id=\"pg-11666-0\"  class=\"panel-grid panel-no-style\" ><div id=\"pgc-11666-0-0\"  class=\"panel-grid-cell\" ><div id=\"panel-11666-0-0-0\" class=\"so-panel widget widget_sow-editor panel-first-child\" data-index=\"0\" ><div class=\"panel-widget-style panel-widget-style-for-11666-0-0-0\" ><div\n\t\t\t\n\t\t\tclass=\"so-widget-sow-editor so-widget-sow-editor-base\"\n\t\t\t\n\t\t>\n<div class=\"siteorigin-widget-tinymce textwidget\">\n\t<p style=\"text-align: center;\"><strong>Relatos para deconstruir la violencia machista desde la Historia del arte<\/strong><\/p>\n<\/div>\n<\/div><\/div><\/div><div id=\"panel-11666-0-0-1\" class=\"so-panel widget widget_sow-editor panel-last-child\" data-index=\"1\" ><div\n\t\t\t\n\t\t\tclass=\"so-widget-sow-editor so-widget-sow-editor-base\"\n\t\t\t\n\t\t><h3 class=\"widget-title\">Jornadas archivo<\/h3>\n<div class=\"siteorigin-widget-tinymce textwidget\">\n\t<div class=\"siteorigin-widget-tinymce textwidget\">\n<div class=\"siteorigin-widget-tinymce textwidget\">\n<p>La jornada <strong>Reflexiones sobre las representaciones y contra-representaciones de la violencia machista en la historia del arte<\/strong> se celebr\u00f3 el 13 de noviembre de 2024. Se trata de una jornada con diferentes ponentes invitados (artistas y te\u00f3ricos\/cas del arte) centrada en las representaciones y contra-representaciones de las violencias machistas en la historia del arte. Incide, por tanto, en una de las problem\u00e1ticas de la sociedad actual para generar nuevas narrativas y proponer pr\u00e1cticas que rompan con las din\u00e1micas hegem\u00f3nicas que han configurado el orden simb\u00f3lico dominante, masculino, burgu\u00e9s, heteronormativo y occidental. Organizada por el grupo de innovaci\u00f3n docente Polifon\u00edas, integrado por Tania Alba, Laia Manonelles, Laura Mercader, Nuria Peist y Victor Ram\u00edrez (departamento de Historia del Arte de la Universidad de Barcelona, \u200b\u200bcon el apoyo del Consejo Interuniversitario de Catalu\u00f1a)   <\/p>\n<\/div>\n<\/div>\n<\/div>\n<\/div><\/div><\/div><\/div><div id=\"pg-11666-1\"  class=\"panel-grid panel-no-style\" ><div id=\"pgc-11666-1-0\"  class=\"panel-grid-cell\" ><div id=\"panel-11666-1-0-0\" class=\"widget_text so-panel widget widget_custom_html panel-first-child\" data-index=\"2\" ><div class=\"textwidget custom-html-widget\"><a id=\"69f0c7c93f6ca\" rel=\"wp-video-lightbox\" href=\"https:\/\/www.youtube.com\/watch?v=xEoYFvANWr4&#038;width=800&#038;height=600\" title=\"\"><img decoding=\"async\" src=\"https:\/\/polititzacionsdelmalestar.org\/wp-content\/uploads\/2024\/12\/jornadesarxiu1.jpg\" class=\"video_lightbox_anchor_image\" alt=\"V\u00eddeo Juan Albarr\u00e1n Diego y Olga Fern\u00e1ndez L\u00f3pez\" \/><\/a>    <script>\r\n    \/* <![CDATA[ *\/\r\n    jQuery(document).ready(function($){\r\n        $(function(){\r\n            var width = $(window).innerWidth();\r\n            var setwidth = parseFloat(800);\r\n            var ratio = parseFloat(0.75);\r\n            var height = parseFloat(600);\r\n            var link = 'https:\/\/www.youtube.com\/watch?v=xEoYFvANWr4&amp;width=800&amp;height=600';\r\n            if(width < setwidth)\r\n            {\r\n                height = Math.floor(width * 0.75);\r\n                \/\/console.log(\"device width \"+width+\", set width \"+800+\", ratio \"+0.75+\", new height \"+ height);\r\n                var new_url = wpvl_paramReplace('width', link, width);\r\n                var new_url = wpvl_paramReplace('height', new_url, height);\r\n                $(\"a#69f0c7c93f6ca\").attr('href', new_url);\r\n                \/\/console.log(new_url);\r\n            }\r\n        });\r\n    });\r\n    \/* ]]> *\/\r\n    <\/script> \n<\/div><\/div><div id=\"panel-11666-1-0-1\" class=\"so-panel widget widget_sow-editor panel-last-child\" data-index=\"3\" ><div\n\t\t\t\n\t\t\tclass=\"so-widget-sow-editor so-widget-sow-editor-base\"\n\t\t\t\n\t\t>\n<div class=\"siteorigin-widget-tinymce textwidget\">\n\t<p>&nbsp;<\/p>\n<h3>Fotolibros y reenactments, desde una perspectiva de g\u00e9nero<\/h3>\n<p><strong>Juan Albarr\u00e1n Diego y Olga Fern\u00e1ndez L\u00f3pez, UAM<\/strong><br \/>\nDuraci\u00f3n: 35 min<\/p>\n<\/div>\n<\/div><\/div><\/div><div id=\"pgc-11666-1-1\"  class=\"panel-grid-cell\" ><div id=\"panel-11666-1-1-0\" class=\"widget_text so-panel widget widget_custom_html panel-first-child\" data-index=\"4\" ><div class=\"textwidget custom-html-widget\"><a id=\"69f0c7c93fd2a\" rel=\"wp-video-lightbox\" href=\"https:\/\/www.youtube.com\/watch?v=nnn7BXf8Zi8&#038;width=800&#038;height=600\" title=\"\"><img decoding=\"async\" src=\"https:\/\/polititzacionsdelmalestar.org\/wp-content\/uploads\/2024\/12\/jornadesarxiu2.jpg\" class=\"video_lightbox_anchor_image\" alt=\"V\u00eddeo N\u00faria G\u00fcell\" \/><\/a>    <script>\r\n    \/* <![CDATA[ *\/\r\n    jQuery(document).ready(function($){\r\n        $(function(){\r\n            var width = $(window).innerWidth();\r\n            var setwidth = parseFloat(800);\r\n            var ratio = parseFloat(0.75);\r\n            var height = parseFloat(600);\r\n            var link = 'https:\/\/www.youtube.com\/watch?v=nnn7BXf8Zi8&amp;width=800&amp;height=600';\r\n            if(width < setwidth)\r\n            {\r\n                height = Math.floor(width * 0.75);\r\n                \/\/console.log(\"device width \"+width+\", set width \"+800+\", ratio \"+0.75+\", new height \"+ height);\r\n                var new_url = wpvl_paramReplace('width', link, width);\r\n                var new_url = wpvl_paramReplace('height', new_url, height);\r\n                $(\"a#69f0c7c93fd2a\").attr('href', new_url);\r\n                \/\/console.log(new_url);\r\n            }\r\n        });\r\n    });\r\n    \/* ]]> *\/\r\n    <\/script> <\/div><\/div><div id=\"panel-11666-1-1-1\" class=\"so-panel widget widget_sow-editor panel-last-child\" data-index=\"5\" ><div\n\t\t\t\n\t\t\tclass=\"so-widget-sow-editor so-widget-sow-editor-base\"\n\t\t\t\n\t\t>\n<div class=\"siteorigin-widget-tinymce textwidget\">\n\t<p>&nbsp;<\/p>\n<h3>El Arte y la cultura como<br \/>\n(contra-)dispositivo del patriarcado<\/h3>\n<p><strong>N\u00faria G\u00fcell, Artista<\/strong><br \/>\nDuraci\u00f3n: 1:20 h<\/p>\n<\/div>\n<\/div><\/div><\/div><div id=\"pgc-11666-1-2\"  class=\"panel-grid-cell\" ><div id=\"panel-11666-1-2-0\" class=\"widget_text so-panel widget widget_custom_html panel-first-child\" data-index=\"6\" ><div class=\"textwidget custom-html-widget\"><a id=\"69f0c7c94034c\" rel=\"wp-video-lightbox\" href=\"https:\/\/www.youtube.com\/watch?v=MEZuy1MeCkI&#038;t=119s&#038;width=800&#038;height=600\" title=\"\"><img decoding=\"async\" src=\"https:\/\/polititzacionsdelmalestar.org\/wp-content\/uploads\/2024\/12\/jornadesarxiu3.jpg\" class=\"video_lightbox_anchor_image\" alt=\"V\u00eddeo Mireia Sallar\u00e8s\" \/><\/a>    <script>\r\n    \/* <![CDATA[ *\/\r\n    jQuery(document).ready(function($){\r\n        $(function(){\r\n            var width = $(window).innerWidth();\r\n            var setwidth = parseFloat(800);\r\n            var ratio = parseFloat(0.75);\r\n            var height = parseFloat(600);\r\n            var link = 'https:\/\/www.youtube.com\/watch?v=MEZuy1MeCkI&amp;t=119s&amp;width=800&amp;height=600';\r\n            if(width < setwidth)\r\n            {\r\n                height = Math.floor(width * 0.75);\r\n                \/\/console.log(\"device width \"+width+\", set width \"+800+\", ratio \"+0.75+\", new height \"+ height);\r\n                var new_url = wpvl_paramReplace('width', link, width);\r\n                var new_url = wpvl_paramReplace('height', new_url, height);\r\n                $(\"a#69f0c7c94034c\").attr('href', new_url);\r\n                \/\/console.log(new_url);\r\n            }\r\n        });\r\n    });\r\n    \/* ]]> *\/\r\n    <\/script> <\/div><\/div><div id=\"panel-11666-1-2-1\" class=\"so-panel widget widget_sow-editor panel-last-child\" data-index=\"7\" ><div\n\t\t\t\n\t\t\tclass=\"so-widget-sow-editor so-widget-sow-editor-base\"\n\t\t\t\n\t\t>\n<div class=\"siteorigin-widget-tinymce textwidget\">\n\t<h3>No me quieras tanto, amame mejor. <\/h3>\n<p><strong>Mireia Sallar\u00e8s<\/strong> , Artista.<br \/>\n Duraci\u00f3n: 1:12 h<\/p>\n<\/div>\n<\/div><\/div><\/div><\/div><div id=\"pg-11666-2\"  class=\"panel-grid panel-no-style\" ><div id=\"pgc-11666-2-0\"  class=\"panel-grid-cell\" ><div id=\"panel-11666-2-0-0\" class=\"widget_text so-panel widget widget_custom_html panel-first-child\" data-index=\"8\" ><div class=\"textwidget custom-html-widget\"><a id=\"69f0c7c9409e4\" rel=\"wp-video-lightbox\" href=\"https:\/\/www.youtube.com\/watch?v=K7Ykgjqo_xk&#038;t=396s&#038;width=800&#038;height=600\" title=\"\"><img decoding=\"async\" src=\"https:\/\/polititzacionsdelmalestar.org\/wp-content\/uploads\/2024\/12\/jornadesarxiu4.jpg\" class=\"video_lightbox_anchor_image\" alt=\"V\u00eddeo Miriam Cera Brea\" \/><\/a>    <script>\r\n    \/* <![CDATA[ *\/\r\n    jQuery(document).ready(function($){\r\n        $(function(){\r\n            var width = $(window).innerWidth();\r\n            var setwidth = parseFloat(800);\r\n            var ratio = parseFloat(0.75);\r\n            var height = parseFloat(600);\r\n            var link = 'https:\/\/www.youtube.com\/watch?v=K7Ykgjqo_xk&amp;t=396s&amp;width=800&amp;height=600';\r\n            if(width < setwidth)\r\n            {\r\n                height = Math.floor(width * 0.75);\r\n                \/\/console.log(\"device width \"+width+\", set width \"+800+\", ratio \"+0.75+\", new height \"+ height);\r\n                var new_url = wpvl_paramReplace('width', link, width);\r\n                var new_url = wpvl_paramReplace('height', new_url, height);\r\n                $(\"a#69f0c7c9409e4\").attr('href', new_url);\r\n                \/\/console.log(new_url);\r\n            }\r\n        });\r\n    });\r\n    \/* ]]> *\/\r\n    <\/script> <\/div><\/div><div id=\"panel-11666-2-0-1\" class=\"so-panel widget widget_sow-editor panel-last-child\" data-index=\"9\" ><div\n\t\t\t\n\t\t\tclass=\"so-widget-sow-editor so-widget-sow-editor-base\"\n\t\t\t\n\t\t>\n<div class=\"siteorigin-widget-tinymce textwidget\">\n\t<h3>Proyecto Violeta: Arte, g\u00e9nero<\/h3>\n<p><strong>Miriam Cera Brea<\/strong> , UAM.<br \/>\n Duraci\u00f3n: 42 min<\/p>\n<\/div>\n<\/div><\/div><\/div><div id=\"pgc-11666-2-1\"  class=\"panel-grid-cell\" ><div id=\"panel-11666-2-1-0\" class=\"widget_text so-panel widget widget_custom_html panel-first-child\" data-index=\"10\" ><div class=\"textwidget custom-html-widget\"><a id=\"69f0c7c940ff4\" rel=\"wp-video-lightbox\" href=\"https:\/\/www.youtube.com\/watch?v=R_GTrTPE0i8&#038;t=74s&#038;width=800&#038;height=600\" title=\"\"><img decoding=\"async\" src=\"https:\/\/polititzacionsdelmalestar.org\/wp-content\/uploads\/2024\/12\/jornadesarxiu5.jpg\" class=\"video_lightbox_anchor_image\" alt=\"V\u00eddeo Susanna Ciruela\" \/><\/a>    <script>\r\n    \/* <![CDATA[ *\/\r\n    jQuery(document).ready(function($){\r\n        $(function(){\r\n            var width = $(window).innerWidth();\r\n            var setwidth = parseFloat(800);\r\n            var ratio = parseFloat(0.75);\r\n            var height = parseFloat(600);\r\n            var link = 'https:\/\/www.youtube.com\/watch?v=R_GTrTPE0i8&amp;t=74s&amp;width=800&amp;height=600';\r\n            if(width < setwidth)\r\n            {\r\n                height = Math.floor(width * 0.75);\r\n                \/\/console.log(\"device width \"+width+\", set width \"+800+\", ratio \"+0.75+\", new height \"+ height);\r\n                var new_url = wpvl_paramReplace('width', link, width);\r\n                var new_url = wpvl_paramReplace('height', new_url, height);\r\n                $(\"a#69f0c7c940ff4\").attr('href', new_url);\r\n                \/\/console.log(new_url);\r\n            }\r\n        });\r\n    });\r\n    \/* ]]> *\/\r\n    <\/script> <\/div><\/div><div id=\"panel-11666-2-1-1\" class=\"so-panel widget widget_sow-editor panel-last-child\" data-index=\"11\" ><div\n\t\t\t\n\t\t\tclass=\"so-widget-sow-editor so-widget-sow-editor-base\"\n\t\t\t\n\t\t>\n<div class=\"siteorigin-widget-tinymce textwidget\">\n\t<p>&nbsp;<\/p>\n<h3>La voz m\u00e1s all\u00e1 de la imagen. Una cartograf\u00eda de la violencia<\/h3>\n<p><strong>Susanna Ciruela, Artista<\/strong><br \/>\nDuraci\u00f3n: 1:19 h<\/p>\n<\/div>\n<\/div><\/div><\/div><div id=\"pgc-11666-2-2\"  class=\"panel-grid-cell\" ><div id=\"panel-11666-2-2-0\" class=\"widget_text so-panel widget widget_custom_html panel-first-child\" data-index=\"12\" ><div class=\"textwidget custom-html-widget\"><\/div><\/div><div id=\"panel-11666-2-2-1\" class=\"so-panel widget widget_sow-editor panel-last-child\" data-index=\"13\" ><div\n\t\t\t\n\t\t\tclass=\"so-widget-sow-editor so-widget-sow-editor-base\"\n\t\t\t\n\t\t>\n<div class=\"siteorigin-widget-tinymce textwidget\">\n\t<\/div>\n<\/div><\/div><\/div><\/div><\/div>","protected":false},"excerpt":{"rendered":"<p>Relatos para deconstruir la violencia machista desde la Historia del arte La jornada Reflexiones sobre las representaciones y contra-representaciones de la violencia machista en la historia del arte se celebr\u00f3 el 13 de noviembre de 2024. &hellip; <a class=\"kt-excerpt-readmore\" href=\"https:\/\/polititzacionsdelmalestar.org\/es\/jornadas-archivo\/\" aria-label=\"Jornadas archivo\">Leer m&aacute;s<\/a><\/p>\n","protected":false},"author":8,"featured_media":0,"parent":0,"menu_order":0,"comment_status":"closed","ping_status":"closed","template":"","meta":{"footnotes":""},"class_list":["post-11666","page","type-page","status-publish","hentry"],"_links":{"self":[{"href":"https:\/\/polititzacionsdelmalestar.org\/es\/wp-json\/wp\/v2\/pages\/11666","targetHints":{"allow":["GET"]}}],"collection":[{"href":"https:\/\/polititzacionsdelmalestar.org\/es\/wp-json\/wp\/v2\/pages"}],"about":[{"href":"https:\/\/polititzacionsdelmalestar.org\/es\/wp-json\/wp\/v2\/types\/page"}],"author":[{"embeddable":true,"href":"https:\/\/polititzacionsdelmalestar.org\/es\/wp-json\/wp\/v2\/users\/8"}],"replies":[{"embeddable":true,"href":"https:\/\/polititzacionsdelmalestar.org\/es\/wp-json\/wp\/v2\/comments?post=11666"}],"version-history":[{"count":4,"href":"https:\/\/polititzacionsdelmalestar.org\/es\/wp-json\/wp\/v2\/pages\/11666\/revisions"}],"predecessor-version":[{"id":11911,"href":"https:\/\/polititzacionsdelmalestar.org\/es\/wp-json\/wp\/v2\/pages\/11666\/revisions\/11911"}],"wp:attachment":[{"href":"https:\/\/polititzacionsdelmalestar.org\/es\/wp-json\/wp\/v2\/media?parent=11666"}],"curies":[{"name":"wp","href":"https:\/\/api.w.org\/{rel}","templated":true}]}}